{"id":192,"date":"2025-01-11T14:37:09","date_gmt":"2025-01-11T14:37:09","guid":{"rendered":"https:\/\/www.denim-vest.com\/?post_type=product&#038;p=192"},"modified":"2025-01-14T04:07:48","modified_gmt":"2025-01-14T04:07:48","slug":"denim-puffer-vest-womens","status":"publish","type":"product","link":"https:\/\/www.denim-vest.com\/fr\/produit\/gilet-polaire-en-denim-pour-femmes\/","title":{"rendered":"Gilet en denim pour femmes"},"content":{"rendered":"<div class=\"detailmodule_text\">\n<p class=\"detail-desc-decorate-content\" style=\"font-family: OpenSans; font-size: 14px; font-weight: 300; line-height: 20px; white-space: pre-wrap; color: #000000; margin-bottom: 12px; text-align: center;\" align=\"center\"><img decoding=\"async\" class=\"detail-desc-decorate-image\" style=\"margin-bottom: 10px;\" src=\"https:\/\/ae01.alicdn.com\/kf\/S0f582d9014034ad2bc15981272cab32ey.png\" \/><\/p>\n<\/div>\n<div align=\"center\">\n<div style=\"width: 1170px;\" class=\"wp-video\"><video class=\"wp-video-shortcode\" id=\"video-192-1\" width=\"1170\" height=\"658\" preload=\"metadata\" controls=\"controls\"><source type=\"video\/mp4\" src=\"https:\/\/www.denim-vest.com\/wp-content\/uploads\/2025\/01\/79V8y5cqEEk0IM3GcNp_1100159890691_mp4_265_hd-online-video-cutter.com_.mp4?_=1\" \/><a href=\"https:\/\/www.denim-vest.com\/wp-content\/uploads\/2025\/01\/79V8y5cqEEk0IM3GcNp_1100159890691_mp4_265_hd-online-video-cutter.com_.mp4\">https:\/\/www.denim-vest.com\/wp-content\/uploads\/2025\/01\/79V8y5cqEEk0IM3GcNp_1100159890691_mp4_265_hd-online-video-cutter.com_.mp4<\/a><\/video><\/div>\n<\/div>\n<div class=\"detailmodule_text\"><\/div>\n<h2>Restez douillet et \u00e9l\u00e9gant avec notre gilet polaire en denim pour femmes<\/h2>\n<p>Mesdames, imaginez ceci : vous bravez le froid hivernal, mais au lieu de vous sentir comme une guimauve ambulante, vous vous pavanez dans la rue comme si vous la poss\u00e9diez. C'est le pouvoir de notre <strong>gilet en denim pour femmes<\/strong>. Il ne s'agit pas seulement d'un v\u00eatement d'ext\u00e9rieur, mais d'une pi\u00e8ce d'apparat qui dit : \"Je suis pr\u00eat \u00e0 affronter tout ce que cette journ\u00e9e m'apportera - et je serai fabuleux en le faisant !<\/p>\n<h2>L'essentiel de la garde-robe d'hiver<\/h2>\n<p>Nous sommes tous pass\u00e9s par l\u00e0, grelottant dans le froid, souhaitant rester au chaud sans sacrifier notre style. Eh bien, ne r\u00eavez plus ! Nos <strong>gilet en denim pour femmes<\/strong> est la r\u00e9ponse \u00e0 vos pri\u00e8res en mati\u00e8re de mode hivernale. C'est comme une tasse de chocolat chaud par un matin glacial - r\u00e9confortant, satisfaisant et exactement ce dont vous avez besoin pour affronter la journ\u00e9e.<\/p>\n<h2>Quelle est la polyvalence d'une veste en denim ?<\/h2>\n<p>Incroyablement polyvalent ! Ce gilet est votre arme secr\u00e8te pour les jours d'hiver impr\u00e9visibles. Superposez-le \u00e0 votre pull pr\u00e9f\u00e9r\u00e9 pour un look d\u00e9contract\u00e9, ou zippez-le sur un col roul\u00e9 \u00e9l\u00e9gant pour un ensemble plus raffin\u00e9. C'est le couteau suisse de la mode hivernale, pr\u00eat pour toutes les occasions, \u00e0 tout moment.<\/p>\n<h2>Des caract\u00e9ristiques qui vous feront tomber amoureux de l'hiver<\/h2>\n<ul>\n<li>Combinaison unique de denim et de tissu bouffant pour une touche tendance<\/li>\n<li>Fermeture \u00e9clair sur le devant pour un port facile<\/li>\n<li>Capuche douillette avec d\u00e9tails \u00e9l\u00e9gants \u00e0 lacets<\/li>\n<li>Longueur courte pour une silhouette moderne et flatteuse<\/li>\n<li>Design matelass\u00e9 pour plus de chaleur et de style<\/li>\n<li>Parfait pour la sc\u00e8ne de la mode hivernale de 2024<\/li>\n<\/ul>\n<h2>D\u00e9tails techniques pour le Fashion-Forward<\/h2>\n<ul>\n<li>Mati\u00e8re : Ext\u00e9rieur en denim, int\u00e9rieur en polaire isol\u00e9e<\/li>\n<li>Fermeture : Fermeture \u00e9clair sur toute la longueur<\/li>\n<li>Style : Sans manches, gilet court<\/li>\n<li>Design : Polaire matelass\u00e9e avec superposition de denim<\/li>\n<li>Caract\u00e9ristiques : Capuche avec la\u00e7age<\/li>\n<li>Saison : Id\u00e9al pour l'hiver, mais aussi pour les soir\u00e9es d'automne fra\u00eeches.<\/li>\n<\/ul>\n<p>Ne laissez pas cette opportunit\u00e9 s'envoler comme la neige fondante ! Notre <strong>gilet en denim pour femmes<\/strong> se vend plus vite que du cidre chaud lors d'un festival d'hiver. Prenez le v\u00f4tre d\u00e8s maintenant et pr\u00e9parez-vous \u00e0 vaincre le froid avec style, \u00e0 faire tourner les t\u00eates dans la rue et \u00e0 vous sentir comme l'ic\u00f4ne de la mode hivernale que vous avez toujours \u00e9t\u00e9 cens\u00e9e \u00eatre. Croyez-nous, votre garde-robe hivernale vous remerciera !<\/p>\n<p>Pour un style similaire, pensez \u00e0 notre\u00a0<a href=\"https:\/\/www.denim-vest.com\/fr\/long-denim-vest-for-women\/\" target=\"_blank\" rel=\"noopener noreferrer\">gilet long en jean pour femmes<\/a>.<\/p>","protected":false},"excerpt":{"rendered":"<p>Restez bien au chaud et \u00e9l\u00e9gant avec notre gilet en denim pour femmes \u2744\ufe0f. Parfait pour les superpositions et pour ajouter une touche tendance \u00e0 votre tenue. Livraison gratuite - Achetez maintenant !<\/p>","protected":false},"featured_media":193,"template":"","meta":[],"product_brand":[],"product_cat":[78],"product_tag":[],"class_list":{"0":"post-192","1":"product","2":"type-product","3":"status-publish","4":"has-post-thumbnail","6":"product_cat-denim-vest-women","8":"first","9":"instock","10":"shipping-taxable","11":"purchasable","12":"product-type-variable"},"_links":{"self":[{"href":"https:\/\/www.denim-vest.com\/fr\/wp-json\/wp\/v2\/product\/192","targetHints":{"allow":["GET"]}}],"collection":[{"href":"https:\/\/www.denim-vest.com\/fr\/wp-json\/wp\/v2\/product"}],"about":[{"href":"https:\/\/www.denim-vest.com\/fr\/wp-json\/wp\/v2\/types\/product"}],"wp:featuredmedia":[{"embeddable":true,"href":"https:\/\/www.denim-vest.com\/fr\/wp-json\/wp\/v2\/media\/193"}],"wp:attachment":[{"href":"https:\/\/www.denim-vest.com\/fr\/wp-json\/wp\/v2\/media?parent=192"}],"wp:term":[{"taxonomy":"product_brand","embeddable":true,"href":"https:\/\/www.denim-vest.com\/fr\/wp-json\/wp\/v2\/product_brand?post=192"},{"taxonomy":"product_cat","embeddable":true,"href":"https:\/\/www.denim-vest.com\/fr\/wp-json\/wp\/v2\/product_cat?post=192"},{"taxonomy":"product_tag","embeddable":true,"href":"https:\/\/www.denim-vest.com\/fr\/wp-json\/wp\/v2\/product_tag?post=192"}],"curies":[{"name":"wp","href":"https:\/\/api.w.org\/{rel}","templated":true}]}}