{"id":7105,"date":"2022-08-03T15:59:28","date_gmt":"2022-08-03T15:59:28","guid":{"rendered":"https:\/\/themedemo.commercegurus.com\/shoptimizer-demodata\/?page_id=7105"},"modified":"2025-01-14T04:27:09","modified_gmt":"2025-01-14T04:27:09","slug":"home","status":"publish","type":"page","link":"https:\/\/www.denim-vest.com\/fr\/","title":{"rendered":"Accueil"},"content":{"rendered":"<div data-elementor-type=\"wp-page\" data-elementor-id=\"7105\" class=\"elementor elementor-7105\">\n\t\t\t\t\t\t<section class=\"elementor-section elementor-top-section elementor-element elementor-element-e0ee2b2 lazy-background elementor-section-content-middle elementor-section-height-min-height elementor-section-boxed elementor-section-height-default elementor-section-items-middle\" data-id=\"e0ee2b2\" data-element_type=\"section\" data-settings=\"{&quot;background_background&quot;:&quot;classic&quot;}\">\n\t\t\t\t\t\t\t<div class=\"elementor-background-overlay\"><\/div>\n\t\t\t\t\t\t\t<div class=\"elementor-container elementor-column-gap-default\">\n\t\t\t\t\t<div class=\"elementor-column elementor-col-100 elementor-top-column elementor-element elementor-element-20bf6896\" data-id=\"20bf6896\" data-element_type=\"column\">\n\t\t\t<div class=\"elementor-widget-wrap elementor-element-populated\">\n\t\t\t\t\t\t<section class=\"elementor-section elementor-inner-section elementor-element elementor-element-3c701200 custom-elementor-grid elementor-section-boxed elementor-section-height-default elementor-section-height-default\" data-id=\"3c701200\" data-element_type=\"section\">\n\t\t\t\t\t\t<div class=\"elementor-container elementor-column-gap-default\">\n\t\t\t\t\t<div class=\"elementor-column elementor-col-100 elementor-inner-column elementor-element elementor-element-6d0d1fdd\" data-id=\"6d0d1fdd\" data-element_type=\"column\">\n\t\t\t<div class=\"elementor-widget-wrap elementor-element-populated\">\n\t\t\t\t\t\t<div class=\"elementor-element elementor-element-50834686 elementor-widget elementor-widget-heading\" data-id=\"50834686\" data-element_type=\"widget\" data-widget_type=\"heading.default\">\n\t\t\t\t<div class=\"elementor-widget-container\">\n\t\t\t\t\t<h1 class=\"elementor-heading-title elementor-size-default\">Vestes en denim \u00e9l\u00e9gantes pour hommes et femmes | Vestes en jean<\/h1>\t\t\t\t<\/div>\n\t\t\t\t<\/div>\n\t\t\t\t<div class=\"elementor-element elementor-element-6bf9a88a elementor-widget elementor-widget-heading\" data-id=\"6bf9a88a\" data-element_type=\"widget\" data-widget_type=\"heading.default\">\n\t\t\t\t<div class=\"elementor-widget-container\">\n\t\t\t\t\t<h2 class=\"elementor-heading-title elementor-size-default\">Que vous optiez pour un look d\u00e9contract\u00e9 ou que vous vous habilliez pour une soir\u00e9e, nos vestes en jean sans manches sont polyvalentes et intemporelles. Parcourez notre collection de gilets en jean d\u00e8s aujourd'hui !<\/h2>\t\t\t\t<\/div>\n\t\t\t\t<\/div>\n\t\t\t\t<div class=\"elementor-element elementor-element-2b594290 elementor-widget elementor-widget-button\" data-id=\"2b594290\" data-element_type=\"widget\" data-widget_type=\"button.default\">\n\t\t\t\t<div class=\"elementor-widget-container\">\n\t\t\t\t\t\t\t\t\t<div class=\"elementor-button-wrapper\">\n\t\t\t\t\t<a class=\"elementor-button elementor-button-link elementor-size-md elementor-animation-grow\" href=\"https:\/\/www.denim-vest.com\/fr\/shop\/\">\n\t\t\t\t\t\t<span class=\"elementor-button-content-wrapper\">\n\t\t\t\t\t\t\t\t\t<span class=\"elementor-button-text\">Faire une bonne affaire \u2192<\/span>\n\t\t\t\t\t<\/span>\n\t\t\t\t\t<\/a>\n\t\t\t\t<\/div>\n\t\t\t\t\t\t\t\t<\/div>\n\t\t\t\t<\/div>\n\t\t\t\t\t<\/div>\n\t\t<\/div>\n\t\t\t\t\t<\/div>\n\t\t<\/section>\n\t\t\t\t\t<\/div>\n\t\t<\/div>\n\t\t\t\t\t<\/div>\n\t\t<\/section>\n\t\t\t\t<section class=\"elementor-section elementor-top-section elementor-element elementor-element-63412b4 homepage-features elementor-section-boxed elementor-section-height-default elementor-section-height-default\" data-id=\"63412b4\" data-element_type=\"section\">\n\t\t\t\t\t\t<div class=\"elementor-container elementor-column-gap-default\">\n\t\t\t\t\t<div class=\"elementor-column elementor-col-33 elementor-top-column elementor-element elementor-element-79f1519c\" data-id=\"79f1519c\" data-element_type=\"column\">\n\t\t\t<div class=\"elementor-widget-wrap elementor-element-populated\">\n\t\t\t\t\t\t<div class=\"elementor-element elementor-element-1687f719 image-feature elementor-widget elementor-widget-image\" data-id=\"1687f719\" data-element_type=\"widget\" data-widget_type=\"image.default\">\n\t\t\t\t<div class=\"elementor-widget-container\">\n\t\t\t\t\t\t\t\t\t\t\t\t<figure class=\"wp-caption\">\n\t\t\t\t\t\t\t\t\t\t\t<a href=\"https:\/\/www.denim-vest.com\/fr\/denim-vest-women\/\" aria-label=\"Chemises pour hommes\">\n\t\t\t\t\t\t\t<img fetchpriority=\"high\" decoding=\"async\" width=\"1200\" height=\"680\" src=\"https:\/\/www.denim-vest.com\/wp-content\/uploads\/2025\/01\/Design-sans-titre-2025-01-12T101035.691.jpg\" class=\"attachment-full size-full wp-image-7242\" alt=\"\" srcset=\"https:\/\/www.denim-vest.com\/wp-content\/uploads\/2025\/01\/Design-sans-titre-2025-01-12T101035.691.jpg 1200w, https:\/\/www.denim-vest.com\/wp-content\/uploads\/2025\/01\/Design-sans-titre-2025-01-12T101035.691-300x170.jpg 300w, https:\/\/www.denim-vest.com\/wp-content\/uploads\/2025\/01\/Design-sans-titre-2025-01-12T101035.691-1024x580.jpg 1024w, https:\/\/www.denim-vest.com\/wp-content\/uploads\/2025\/01\/Design-sans-titre-2025-01-12T101035.691-768x435.jpg 768w, https:\/\/www.denim-vest.com\/wp-content\/uploads\/2025\/01\/Design-sans-titre-2025-01-12T101035.691-990x561.jpg 990w, https:\/\/www.denim-vest.com\/wp-content\/uploads\/2025\/01\/Design-sans-titre-2025-01-12T101035.691-441x250.jpg 441w, https:\/\/www.denim-vest.com\/wp-content\/uploads\/2025\/01\/Design-sans-titre-2025-01-12T101035.691-800x453.jpg 800w, https:\/\/www.denim-vest.com\/wp-content\/uploads\/2025\/01\/Design-sans-titre-2025-01-12T101035.691-150x85.jpg 150w\" sizes=\"(max-width: 360px) 147px, (max-width: 1200px) 100vw, 1200px\" \/>\t\t\t\t\t\t\t\t<\/a>\n\t\t\t\t\t\t\t\t\t\t\t<figcaption class=\"widget-image-caption wp-caption-text\"><strong>Gilet en denim pour femmes<\/strong><em>de $34<\/em><span>Acheter<\/span><\/figcaption>\n\t\t\t\t\t\t\t\t\t\t<\/figure>\n\t\t\t\t\t\t\t\t\t<\/div>\n\t\t\t\t<\/div>\n\t\t\t\t\t<\/div>\n\t\t<\/div>\n\t\t\t\t<div class=\"elementor-column elementor-col-33 elementor-top-column elementor-element elementor-element-24d2728f\" data-id=\"24d2728f\" data-element_type=\"column\">\n\t\t\t<div class=\"elementor-widget-wrap elementor-element-populated\">\n\t\t\t\t\t\t<div class=\"elementor-element elementor-element-6f33535b image-feature elementor-widget elementor-widget-image\" data-id=\"6f33535b\" data-element_type=\"widget\" data-widget_type=\"image.default\">\n\t\t\t\t<div class=\"elementor-widget-container\">\n\t\t\t\t\t\t\t\t\t\t\t\t<figure class=\"wp-caption\">\n\t\t\t\t\t\t\t\t\t\t\t<a href=\"https:\/\/www.denim-vest.com\/fr\/denim-vest-for-men\/\" aria-label=\"Le style des f\u00eates de fin d&#039;ann\u00e9e\">\n\t\t\t\t\t\t\t<img decoding=\"async\" width=\"1200\" height=\"680\" src=\"https:\/\/www.denim-vest.com\/wp-content\/uploads\/2025\/01\/Design-sans-titre-2025-01-12T101139.561.jpg\" class=\"attachment-full size-full wp-image-7246\" alt=\"\" srcset=\"https:\/\/www.denim-vest.com\/wp-content\/uploads\/2025\/01\/Design-sans-titre-2025-01-12T101139.561.jpg 1200w, https:\/\/www.denim-vest.com\/wp-content\/uploads\/2025\/01\/Design-sans-titre-2025-01-12T101139.561-300x170.jpg 300w, https:\/\/www.denim-vest.com\/wp-content\/uploads\/2025\/01\/Design-sans-titre-2025-01-12T101139.561-1024x580.jpg 1024w, https:\/\/www.denim-vest.com\/wp-content\/uploads\/2025\/01\/Design-sans-titre-2025-01-12T101139.561-768x435.jpg 768w, https:\/\/www.denim-vest.com\/wp-content\/uploads\/2025\/01\/Design-sans-titre-2025-01-12T101139.561-990x561.jpg 990w, https:\/\/www.denim-vest.com\/wp-content\/uploads\/2025\/01\/Design-sans-titre-2025-01-12T101139.561-441x250.jpg 441w, https:\/\/www.denim-vest.com\/wp-content\/uploads\/2025\/01\/Design-sans-titre-2025-01-12T101139.561-800x453.jpg 800w, https:\/\/www.denim-vest.com\/wp-content\/uploads\/2025\/01\/Design-sans-titre-2025-01-12T101139.561-150x85.jpg 150w\" sizes=\"(max-width: 360px) 147px, (max-width: 1200px) 100vw, 1200px\" \/>\t\t\t\t\t\t\t\t<\/a>\n\t\t\t\t\t\t\t\t\t\t\t<figcaption class=\"widget-image-caption wp-caption-text\"><strong>Gilet en jean pour hommes<\/strong><em>de $39<\/em><span>Acheter<\/span><\/figcaption>\n\t\t\t\t\t\t\t\t\t\t<\/figure>\n\t\t\t\t\t\t\t\t\t<\/div>\n\t\t\t\t<\/div>\n\t\t\t\t\t<\/div>\n\t\t<\/div>\n\t\t\t\t<div class=\"elementor-column elementor-col-33 elementor-top-column elementor-element elementor-element-2e7b3662\" data-id=\"2e7b3662\" data-element_type=\"column\">\n\t\t\t<div class=\"elementor-widget-wrap elementor-element-populated\">\n\t\t\t\t\t\t<div class=\"elementor-element elementor-element-48d4078 image-feature elementor-widget elementor-widget-image\" data-id=\"48d4078\" data-element_type=\"widget\" data-widget_type=\"image.default\">\n\t\t\t\t<div class=\"elementor-widget-container\">\n\t\t\t\t\t\t\t\t\t\t\t\t<figure class=\"wp-caption\">\n\t\t\t\t\t\t\t\t\t\t\t<a href=\"https:\/\/www.denim-vest.com\/fr\/kids-denim-vest\/\" aria-label=\"Vestes d&#039;hiver\">\n\t\t\t\t\t\t\t<img decoding=\"async\" width=\"1200\" height=\"680\" src=\"https:\/\/www.denim-vest.com\/wp-content\/uploads\/2025\/01\/Design-sans-titre-2025-01-12T101234.289.jpg\" class=\"attachment-full size-full wp-image-7250\" alt=\"\" srcset=\"https:\/\/www.denim-vest.com\/wp-content\/uploads\/2025\/01\/Design-sans-titre-2025-01-12T101234.289.jpg 1200w, https:\/\/www.denim-vest.com\/wp-content\/uploads\/2025\/01\/Design-sans-titre-2025-01-12T101234.289-300x170.jpg 300w, https:\/\/www.denim-vest.com\/wp-content\/uploads\/2025\/01\/Design-sans-titre-2025-01-12T101234.289-1024x580.jpg 1024w, https:\/\/www.denim-vest.com\/wp-content\/uploads\/2025\/01\/Design-sans-titre-2025-01-12T101234.289-768x435.jpg 768w, https:\/\/www.denim-vest.com\/wp-content\/uploads\/2025\/01\/Design-sans-titre-2025-01-12T101234.289-990x561.jpg 990w, https:\/\/www.denim-vest.com\/wp-content\/uploads\/2025\/01\/Design-sans-titre-2025-01-12T101234.289-441x250.jpg 441w, https:\/\/www.denim-vest.com\/wp-content\/uploads\/2025\/01\/Design-sans-titre-2025-01-12T101234.289-800x453.jpg 800w, https:\/\/www.denim-vest.com\/wp-content\/uploads\/2025\/01\/Design-sans-titre-2025-01-12T101234.289-150x85.jpg 150w\" sizes=\"(max-width: 360px) 147px, (max-width: 1200px) 100vw, 1200px\" \/>\t\t\t\t\t\t\t\t<\/a>\n\t\t\t\t\t\t\t\t\t\t\t<figcaption class=\"widget-image-caption wp-caption-text\"><strong>Gilet en denim pour enfants<\/strong><em>de $30<\/em><span>Acheter<\/span><\/figcaption>\n\t\t\t\t\t\t\t\t\t\t<\/figure>\n\t\t\t\t\t\t\t\t\t<\/div>\n\t\t\t\t<\/div>\n\t\t\t\t\t<\/div>\n\t\t<\/div>\n\t\t\t\t\t<\/div>\n\t\t<\/section>\n\t\t\t\t<section class=\"elementor-section elementor-top-section elementor-element elementor-element-141eed01 elementor-section-boxed elementor-section-height-default elementor-section-height-default\" data-id=\"141eed01\" data-element_type=\"section\">\n\t\t\t\t\t\t<div class=\"elementor-container elementor-column-gap-default\">\n\t\t\t\t\t<div class=\"elementor-column elementor-col-100 elementor-top-column elementor-element elementor-element-2472f9fe\" data-id=\"2472f9fe\" data-element_type=\"column\">\n\t\t\t<div class=\"elementor-widget-wrap elementor-element-populated\">\n\t\t\t\t\t\t<div class=\"elementor-element elementor-element-28752ea4 elementor-widget elementor-widget-heading\" data-id=\"28752ea4\" data-element_type=\"widget\" data-widget_type=\"heading.default\">\n\t\t\t\t<div class=\"elementor-widget-container\">\n\t\t\t\t\t<span class=\"elementor-heading-title elementor-size-default\">Nos derniers articles<\/span>\t\t\t\t<\/div>\n\t\t\t\t<\/div>\n\t\t\t\t\t<\/div>\n\t\t<\/div>\n\t\t\t\t\t<\/div>\n\t\t<\/section>\n\t\t\t\t<section class=\"elementor-section elementor-top-section elementor-element elementor-element-6d1398fb elementor-section-boxed elementor-section-height-default elementor-section-height-default\" data-id=\"6d1398fb\" data-element_type=\"section\">\n\t\t\t\t\t\t<div class=\"elementor-container elementor-column-gap-default\">\n\t\t\t\t\t<div class=\"elementor-column elementor-col-100 elementor-top-column elementor-element elementor-element-1139deab\" data-id=\"1139deab\" data-element_type=\"column\">\n\t\t\t<div class=\"elementor-widget-wrap elementor-element-populated\">\n\t\t\t\t\t\t<div class=\"elementor-element elementor-element-4ea7a2d0 elementor-widget elementor-widget-shortcode\" data-id=\"4ea7a2d0\" data-element_type=\"widget\" data-widget_type=\"shortcode.default\">\n\t\t\t\t<div class=\"elementor-widget-container\">\n\t\t\t\t\t\t\t<div class=\"elementor-shortcode\"><div class=\"woocommerce columns-4\"><ul class=\"products columns-4\">\n<li class=\"product type-product post-560 status-publish first instock product_cat-denim-vest-for-men has-post-thumbnail shipping-taxable purchasable product-type-variable\">\n\t<a href=\"https:\/\/www.denim-vest.com\/fr\/produit\/gilet-en-denim-en-detresse-pour-hommes\/\" class=\"woocommerce-LoopProduct-link woocommerce-loop-product__link\"><div class=\"woocommerce-image__wrapper\"><a href=\"https:\/\/www.denim-vest.com\/fr\/produit\/gilet-en-denim-en-detresse-pour-hommes\/\" title=\"Gilet en denim us\u00e9 pour homme\" class=\"woocommerce-LoopProduct-link woocommerce-loop-product__link\"><div class=\"shoptimizer-plp-carousel-container\"><div class=\"shoptimizer-plp-image-wrapper\"><img loading=\"lazy\" decoding=\"async\" width=\"300\" height=\"300\" src=\"https:\/\/www.denim-vest.com\/wp-content\/uploads\/2025\/01\/Design-sans-titre-2025-01-11T102557.964-300x300.jpg\" class=\"attachment-woocommerce_thumbnail size-woocommerce_thumbnail\" alt=\"Gilet en denim us\u00e9 pour homme\" srcset=\"https:\/\/www.denim-vest.com\/wp-content\/uploads\/2025\/01\/Design-sans-titre-2025-01-11T102557.964-300x300.jpg 300w, https:\/\/www.denim-vest.com\/wp-content\/uploads\/2025\/01\/Design-sans-titre-2025-01-11T102557.964-150x150.jpg 150w, https:\/\/www.denim-vest.com\/wp-content\/uploads\/2025\/01\/Design-sans-titre-2025-01-11T102557.964-600x600.jpg 600w, https:\/\/www.denim-vest.com\/wp-content\/uploads\/2025\/01\/Design-sans-titre-2025-01-11T102557.964-768x768.jpg 768w, https:\/\/www.denim-vest.com\/wp-content\/uploads\/2025\/01\/Design-sans-titre-2025-01-11T102557.964.jpg 800w\" sizes=\"(max-width: 360px) 147px, (max-width: 300px) 100vw, 300px\" \/>\t\t\t\n\t<\/div><\/div><\/a><\/div><div class=\"woocommerce-card__header\">\t\t\t\t\t<p class=\"product__categories\"><a href=\"https:\/\/www.denim-vest.com\/fr\/categorie-produit\/gilet-en-jean-pour-hommes\/\" rel=\"tag\">Gilet en jean pour hommes<\/a><\/p>\t\t\t\t<div class=\"woocommerce-loop-product__title\"><a tabindex=\"0\" href=\"https:\/\/www.denim-vest.com\/fr\/produit\/gilet-en-denim-en-detresse-pour-hommes\/\" aria-label=\"Gilet en denim us\u00e9 pour homme\" class=\"woocommerce-LoopProduct-link woocommerce-loop-product__link\">Gilet en denim us\u00e9 pour homme<\/a><\/div>\n\t<span class=\"price\"><span class=\"woocommerce-Price-amount amount\"><bdi><span class=\"woocommerce-Price-currencySymbol\">&#36;<\/span>&nbsp;39.99<\/bdi><\/span><\/span>\n<\/a><a href=\"https:\/\/www.denim-vest.com\/fr\/produit\/gilet-en-denim-en-detresse-pour-hommes\/\" aria-describedby=\"woocommerce_loop_add_to_cart_link_describedby_560\" data-quantity=\"1\" class=\"button product_type_variable add_to_cart_button\" data-product_id=\"560\" data-product_sku=\"2251832861768199\" aria-label=\"S\u00e9lectionner les options pour \u201cDistressed denim vest mens\u200b\u201d\" rel=\"nofollow\" data-no-translation=\"\" data-trp-gettext=\"\" data-no-translation-aria-label=\"\">Choix des options<\/a>\t<span id=\"woocommerce_loop_add_to_cart_link_describedby_560\" class=\"screen-reader-text\">\n\t\tCe produit a plusieurs variations. Les options peuvent \u00eatre choisies sur la page du produit\t<\/span>\n<\/div><\/li>\n<li class=\"product type-product post-575 status-publish instock product_cat-denim-vest-for-men has-post-thumbnail shipping-taxable purchasable product-type-variable\">\n\t<a href=\"https:\/\/www.denim-vest.com\/fr\/produit\/gilet-en-denim-noir-vieilli\/\" class=\"woocommerce-LoopProduct-link woocommerce-loop-product__link\"><div class=\"woocommerce-image__wrapper\"><a href=\"https:\/\/www.denim-vest.com\/fr\/produit\/gilet-en-denim-noir-vieilli\/\" title=\"Gilet en denim noir vieilli\" class=\"woocommerce-LoopProduct-link woocommerce-loop-product__link\"><div class=\"shoptimizer-plp-carousel-container\"><div class=\"shoptimizer-plp-image-wrapper\"><img loading=\"lazy\" decoding=\"async\" width=\"300\" height=\"300\" src=\"https:\/\/www.denim-vest.com\/wp-content\/uploads\/2025\/01\/kf-Sdf842e7a775b4aa9b9d075617ba2e4d5H-300x300.webp\" class=\"attachment-woocommerce_thumbnail size-woocommerce_thumbnail\" alt=\"Gilet en denim noir vieilli\" srcset=\"https:\/\/www.denim-vest.com\/wp-content\/uploads\/2025\/01\/kf-Sdf842e7a775b4aa9b9d075617ba2e4d5H-300x300.webp 300w, https:\/\/www.denim-vest.com\/wp-content\/uploads\/2025\/01\/kf-Sdf842e7a775b4aa9b9d075617ba2e4d5H-150x150.webp 150w, https:\/\/www.denim-vest.com\/wp-content\/uploads\/2025\/01\/kf-Sdf842e7a775b4aa9b9d075617ba2e4d5H-600x600.webp 600w, https:\/\/www.denim-vest.com\/wp-content\/uploads\/2025\/01\/kf-Sdf842e7a775b4aa9b9d075617ba2e4d5H-768x768.webp 768w, https:\/\/www.denim-vest.com\/wp-content\/uploads\/2025\/01\/kf-Sdf842e7a775b4aa9b9d075617ba2e4d5H.webp 800w\" sizes=\"(max-width: 360px) 147px, (max-width: 300px) 100vw, 300px\" \/>\t\t\t\n\t<\/div><\/div><\/a><\/div><div class=\"woocommerce-card__header\">\t\t\t\t\t<p class=\"product__categories\"><a href=\"https:\/\/www.denim-vest.com\/fr\/categorie-produit\/gilet-en-jean-pour-hommes\/\" rel=\"tag\">Gilet en jean pour hommes<\/a><\/p>\t\t\t\t<div class=\"woocommerce-loop-product__title\"><a tabindex=\"0\" href=\"https:\/\/www.denim-vest.com\/fr\/produit\/gilet-en-denim-noir-vieilli\/\" aria-label=\"Gilet en denim noir vieilli\" class=\"woocommerce-LoopProduct-link woocommerce-loop-product__link\">Gilet en denim noir vieilli<\/a><\/div>\n\t<span class=\"price\"><span class=\"woocommerce-Price-amount amount\"><bdi><span class=\"woocommerce-Price-currencySymbol\">&#36;<\/span>&nbsp;44.99<\/bdi><\/span><\/span>\n<\/a><a href=\"https:\/\/www.denim-vest.com\/fr\/produit\/gilet-en-denim-noir-vieilli\/\" aria-describedby=\"woocommerce_loop_add_to_cart_link_describedby_575\" data-quantity=\"1\" class=\"button product_type_variable add_to_cart_button\" data-product_id=\"575\" data-product_sku=\"3256807259889850\" aria-label=\"S\u00e9lectionner les options pour \u201cDistressed black denim vest\u200b\u201d\" rel=\"nofollow\" data-no-translation=\"\" data-trp-gettext=\"\" data-no-translation-aria-label=\"\">Choix des options<\/a>\t<span id=\"woocommerce_loop_add_to_cart_link_describedby_575\" class=\"screen-reader-text\">\n\t\tCe produit a plusieurs variations. Les options peuvent \u00eatre choisies sur la page du produit\t<\/span>\n<\/div><\/li>\n<li class=\"product type-product post-601 status-publish instock product_cat-denim-vest-for-men has-post-thumbnail shipping-taxable purchasable product-type-variable\">\n\t<a href=\"https:\/\/www.denim-vest.com\/fr\/produit\/gilet-en-denim-gris-pour-hommes\/\" class=\"woocommerce-LoopProduct-link woocommerce-loop-product__link\"><div class=\"woocommerce-image__wrapper\"><a href=\"https:\/\/www.denim-vest.com\/fr\/produit\/gilet-en-denim-gris-pour-hommes\/\" title=\"Gilet en denim gris pour homme\" class=\"woocommerce-LoopProduct-link woocommerce-loop-product__link\"><div class=\"shoptimizer-plp-carousel-container\"><div class=\"shoptimizer-plp-image-wrapper\"><img loading=\"lazy\" decoding=\"async\" width=\"300\" height=\"300\" src=\"https:\/\/www.denim-vest.com\/wp-content\/uploads\/2025\/01\/kf-Sefb068ee56d5432594ee3f43e4115de9p-300x300.webp\" class=\"attachment-woocommerce_thumbnail size-woocommerce_thumbnail\" alt=\"Gilet en denim gris pour homme\" srcset=\"https:\/\/www.denim-vest.com\/wp-content\/uploads\/2025\/01\/kf-Sefb068ee56d5432594ee3f43e4115de9p-300x300.webp 300w, https:\/\/www.denim-vest.com\/wp-content\/uploads\/2025\/01\/kf-Sefb068ee56d5432594ee3f43e4115de9p-150x150.webp 150w, https:\/\/www.denim-vest.com\/wp-content\/uploads\/2025\/01\/kf-Sefb068ee56d5432594ee3f43e4115de9p-600x600.webp 600w, https:\/\/www.denim-vest.com\/wp-content\/uploads\/2025\/01\/kf-Sefb068ee56d5432594ee3f43e4115de9p.webp 750w\" sizes=\"(max-width: 360px) 147px, (max-width: 300px) 100vw, 300px\" \/>\t\t\t\n\t<\/div><\/div><\/a><\/div><div class=\"woocommerce-card__header\">\t\t\t\t\t<p class=\"product__categories\"><a href=\"https:\/\/www.denim-vest.com\/fr\/categorie-produit\/gilet-en-jean-pour-hommes\/\" rel=\"tag\">Gilet en jean pour hommes<\/a><\/p>\t\t\t\t<div class=\"woocommerce-loop-product__title\"><a tabindex=\"0\" href=\"https:\/\/www.denim-vest.com\/fr\/produit\/gilet-en-denim-gris-pour-hommes\/\" aria-label=\"Gilet en denim gris pour homme\" class=\"woocommerce-LoopProduct-link woocommerce-loop-product__link\">Gilet en denim gris pour homme<\/a><\/div>\n\t<span class=\"price\" data-no-translation=\"\" data-trp-gettext=\"\"><span class=\"woocommerce-Price-amount amount\"><bdi><span class=\"woocommerce-Price-currencySymbol\">&#36;<\/span>&nbsp;45.70<\/bdi><\/span> \u2013 <span class=\"woocommerce-Price-amount amount\"><bdi><span class=\"woocommerce-Price-currencySymbol\">&#36;<\/span>&nbsp;55.54<\/bdi><\/span><\/span>\n<\/a><a href=\"https:\/\/www.denim-vest.com\/fr\/produit\/gilet-en-denim-gris-pour-hommes\/\" aria-describedby=\"woocommerce_loop_add_to_cart_link_describedby_601\" data-quantity=\"1\" class=\"button product_type_variable add_to_cart_button\" data-product_id=\"601\" data-product_sku=\"3256804247221490\" aria-label=\"S\u00e9lectionner les options pour \u201cGrey denim vest mens\u200b\u201d\" rel=\"nofollow\" data-no-translation=\"\" data-trp-gettext=\"\" data-no-translation-aria-label=\"\">Choix des options<\/a>\t<span id=\"woocommerce_loop_add_to_cart_link_describedby_601\" class=\"screen-reader-text\">\n\t\tCe produit a plusieurs variations. Les options peuvent \u00eatre choisies sur la page du produit\t<\/span>\n<\/div><\/li>\n<li class=\"product type-product post-615 status-publish last instock product_cat-denim-vest-for-men has-post-thumbnail shipping-taxable purchasable product-type-variable\">\n\t<a href=\"https:\/\/www.denim-vest.com\/fr\/produit\/gilet-en-denim-pour-hommes-3xl\/\" class=\"woocommerce-LoopProduct-link woocommerce-loop-product__link\"><div class=\"woocommerce-image__wrapper\"><a href=\"https:\/\/www.denim-vest.com\/fr\/produit\/gilet-en-denim-pour-hommes-3xl\/\" title=\"Gilet en denim pour hommes 3xl\" class=\"woocommerce-LoopProduct-link woocommerce-loop-product__link\"><div class=\"shoptimizer-plp-carousel-container\"><div class=\"shoptimizer-plp-image-wrapper\"><img loading=\"lazy\" decoding=\"async\" width=\"300\" height=\"300\" src=\"https:\/\/www.denim-vest.com\/wp-content\/uploads\/2025\/01\/kf-H8d4eb030c39840c3b8f139db04c9c3f5e-300x300.webp\" class=\"attachment-woocommerce_thumbnail size-woocommerce_thumbnail\" alt=\"Gilet en denim pour hommes 3xl\" srcset=\"https:\/\/www.denim-vest.com\/wp-content\/uploads\/2025\/01\/kf-H8d4eb030c39840c3b8f139db04c9c3f5e-300x300.webp 300w, https:\/\/www.denim-vest.com\/wp-content\/uploads\/2025\/01\/kf-H8d4eb030c39840c3b8f139db04c9c3f5e-150x150.webp 150w, https:\/\/www.denim-vest.com\/wp-content\/uploads\/2025\/01\/kf-H8d4eb030c39840c3b8f139db04c9c3f5e-600x600.webp 600w, https:\/\/www.denim-vest.com\/wp-content\/uploads\/2025\/01\/kf-H8d4eb030c39840c3b8f139db04c9c3f5e-768x768.webp 768w, https:\/\/www.denim-vest.com\/wp-content\/uploads\/2025\/01\/kf-H8d4eb030c39840c3b8f139db04c9c3f5e.webp 800w\" sizes=\"(max-width: 360px) 147px, (max-width: 300px) 100vw, 300px\" \/>\t\t\t\n\t<\/div><\/div><\/a><\/div><div class=\"woocommerce-card__header\">\t\t\t\t\t<p class=\"product__categories\"><a href=\"https:\/\/www.denim-vest.com\/fr\/categorie-produit\/gilet-en-jean-pour-hommes\/\" rel=\"tag\">Gilet en jean pour hommes<\/a><\/p>\t\t\t\t<div class=\"woocommerce-loop-product__title\"><a tabindex=\"0\" href=\"https:\/\/www.denim-vest.com\/fr\/produit\/gilet-en-denim-pour-hommes-3xl\/\" aria-label=\"Gilet en denim pour hommes 3xl\" class=\"woocommerce-LoopProduct-link woocommerce-loop-product__link\">Gilet en denim pour hommes 3xl<\/a><\/div>\n\t<span class=\"price\" data-no-translation=\"\" data-trp-gettext=\"\"><span class=\"woocommerce-Price-amount amount\"><bdi><span class=\"woocommerce-Price-currencySymbol\">&#36;<\/span>&nbsp;46.29<\/bdi><\/span> \u2013 <span class=\"woocommerce-Price-amount amount\"><bdi><span class=\"woocommerce-Price-currencySymbol\">&#36;<\/span>&nbsp;51.88<\/bdi><\/span><\/span>\n<\/a><a href=\"https:\/\/www.denim-vest.com\/fr\/produit\/gilet-en-denim-pour-hommes-3xl\/\" aria-describedby=\"woocommerce_loop_add_to_cart_link_describedby_615\" data-quantity=\"1\" class=\"button product_type_variable add_to_cart_button\" data-product_id=\"615\" data-product_sku=\"2255799825005770\" aria-label=\"S\u00e9lectionner les options pour \u201cMens denim vest 3xl\u200b\u201d\" rel=\"nofollow\" data-no-translation=\"\" data-trp-gettext=\"\" data-no-translation-aria-label=\"\">Choix des options<\/a>\t<span id=\"woocommerce_loop_add_to_cart_link_describedby_615\" class=\"screen-reader-text\">\n\t\tCe produit a plusieurs variations. Les options peuvent \u00eatre choisies sur la page du produit\t<\/span>\n<\/div><\/li>\n<li class=\"product type-product post-660 status-publish first instock product_cat-denim-vest-for-men has-post-thumbnail shipping-taxable purchasable product-type-variable\">\n\t<a href=\"https:\/\/www.denim-vest.com\/fr\/produit\/gilet-de-denim-punk-pour-hommes\/\" class=\"woocommerce-LoopProduct-link woocommerce-loop-product__link\"><div class=\"woocommerce-image__wrapper\"><a href=\"https:\/\/www.denim-vest.com\/fr\/produit\/gilet-de-denim-punk-pour-hommes\/\" title=\"Gilet en denim punk pour homme\" class=\"woocommerce-LoopProduct-link woocommerce-loop-product__link\"><div class=\"shoptimizer-plp-carousel-container\"><div class=\"shoptimizer-plp-image-wrapper\"><img loading=\"lazy\" decoding=\"async\" width=\"300\" height=\"300\" src=\"https:\/\/www.denim-vest.com\/wp-content\/uploads\/2025\/01\/kf-Sfec46444ddb34fb9b4bbf30fb72b916dv-300x300.webp\" class=\"attachment-woocommerce_thumbnail size-woocommerce_thumbnail\" alt=\"Gilet en denim punk pour homme\" srcset=\"https:\/\/www.denim-vest.com\/wp-content\/uploads\/2025\/01\/kf-Sfec46444ddb34fb9b4bbf30fb72b916dv-300x300.webp 300w, https:\/\/www.denim-vest.com\/wp-content\/uploads\/2025\/01\/kf-Sfec46444ddb34fb9b4bbf30fb72b916dv-150x150.webp 150w, https:\/\/www.denim-vest.com\/wp-content\/uploads\/2025\/01\/kf-Sfec46444ddb34fb9b4bbf30fb72b916dv-800x800.webp 800w, https:\/\/www.denim-vest.com\/wp-content\/uploads\/2025\/01\/kf-Sfec46444ddb34fb9b4bbf30fb72b916dv-768x768.webp 768w, https:\/\/www.denim-vest.com\/wp-content\/uploads\/2025\/01\/kf-Sfec46444ddb34fb9b4bbf30fb72b916dv.webp 1000w\" sizes=\"(max-width: 360px) 147px, (max-width: 300px) 100vw, 300px\" \/>\t\t\t\n\t<\/div><\/div><\/a><\/div><div class=\"woocommerce-card__header\">\t\t\t\t\t<p class=\"product__categories\"><a href=\"https:\/\/www.denim-vest.com\/fr\/categorie-produit\/gilet-en-jean-pour-hommes\/\" rel=\"tag\">Gilet en jean pour hommes<\/a><\/p>\t\t\t\t<div class=\"woocommerce-loop-product__title\"><a tabindex=\"0\" href=\"https:\/\/www.denim-vest.com\/fr\/produit\/gilet-de-denim-punk-pour-hommes\/\" aria-label=\"Gilet en denim punk pour homme\" class=\"woocommerce-LoopProduct-link woocommerce-loop-product__link\">Gilet en denim punk pour homme<\/a><\/div>\n\t<span class=\"price\"><span class=\"woocommerce-Price-amount amount\"><bdi><span class=\"woocommerce-Price-currencySymbol\">&#36;<\/span>&nbsp;44.95<\/bdi><\/span><\/span>\n<\/a><a href=\"https:\/\/www.denim-vest.com\/fr\/produit\/gilet-de-denim-punk-pour-hommes\/\" aria-describedby=\"woocommerce_loop_add_to_cart_link_describedby_660\" data-quantity=\"1\" class=\"button product_type_variable add_to_cart_button\" data-product_id=\"660\" data-product_sku=\"3256805523426779\" aria-label=\"S\u00e9lectionner les options pour \u201cMens punk denim vest\u200b\u201d\" rel=\"nofollow\" data-no-translation=\"\" data-trp-gettext=\"\" data-no-translation-aria-label=\"\">Choix des options<\/a>\t<span id=\"woocommerce_loop_add_to_cart_link_describedby_660\" class=\"screen-reader-text\">\n\t\tCe produit a plusieurs variations. Les options peuvent \u00eatre choisies sur la page du produit\t<\/span>\n<\/div><\/li>\n<li class=\"product type-product post-686 status-publish instock product_cat-denim-vest-for-men has-post-thumbnail shipping-taxable purchasable product-type-variable\">\n\t<a href=\"https:\/\/www.denim-vest.com\/fr\/produit\/gilet-en-denim-blanchi-pour-hommes\/\" class=\"woocommerce-LoopProduct-link woocommerce-loop-product__link\"><div class=\"woocommerce-image__wrapper\"><a href=\"https:\/\/www.denim-vest.com\/fr\/produit\/gilet-en-denim-blanchi-pour-hommes\/\" title=\"Gilet en denim blanchi pour homme\" class=\"woocommerce-LoopProduct-link woocommerce-loop-product__link\"><div class=\"shoptimizer-plp-carousel-container\"><div class=\"shoptimizer-plp-image-wrapper\"><img loading=\"lazy\" decoding=\"async\" width=\"300\" height=\"300\" src=\"https:\/\/www.denim-vest.com\/wp-content\/uploads\/2025\/01\/kf-S65ea60cead5b4b7992a81d0fcab4fc67v-300x300.webp\" class=\"attachment-woocommerce_thumbnail size-woocommerce_thumbnail\" alt=\"Gilet en denim blanchi pour homme\" srcset=\"https:\/\/www.denim-vest.com\/wp-content\/uploads\/2025\/01\/kf-S65ea60cead5b4b7992a81d0fcab4fc67v-300x300.webp 300w, https:\/\/www.denim-vest.com\/wp-content\/uploads\/2025\/01\/kf-S65ea60cead5b4b7992a81d0fcab4fc67v-150x150.webp 150w, https:\/\/www.denim-vest.com\/wp-content\/uploads\/2025\/01\/kf-S65ea60cead5b4b7992a81d0fcab4fc67v-600x600.webp 600w, https:\/\/www.denim-vest.com\/wp-content\/uploads\/2025\/01\/kf-S65ea60cead5b4b7992a81d0fcab4fc67v-768x768.webp 768w, https:\/\/www.denim-vest.com\/wp-content\/uploads\/2025\/01\/kf-S65ea60cead5b4b7992a81d0fcab4fc67v.webp 800w\" sizes=\"(max-width: 360px) 147px, (max-width: 300px) 100vw, 300px\" \/>\t\t\t\n\t<\/div><\/div><\/a><\/div><div class=\"woocommerce-card__header\">\t\t\t\t\t<p class=\"product__categories\"><a href=\"https:\/\/www.denim-vest.com\/fr\/categorie-produit\/gilet-en-jean-pour-hommes\/\" rel=\"tag\">Gilet en jean pour hommes<\/a><\/p>\t\t\t\t<div class=\"woocommerce-loop-product__title\"><a tabindex=\"0\" href=\"https:\/\/www.denim-vest.com\/fr\/produit\/gilet-en-denim-blanchi-pour-hommes\/\" aria-label=\"Gilet en denim blanchi pour homme\" class=\"woocommerce-LoopProduct-link woocommerce-loop-product__link\">Gilet en denim blanchi pour homme<\/a><\/div>\n\t<span class=\"price\" data-no-translation=\"\" data-trp-gettext=\"\"><span class=\"woocommerce-Price-amount amount\"><bdi><span class=\"woocommerce-Price-currencySymbol\">&#36;<\/span>&nbsp;48.81<\/bdi><\/span> \u2013 <span class=\"woocommerce-Price-amount amount\"><bdi><span class=\"woocommerce-Price-currencySymbol\">&#36;<\/span>&nbsp;51.60<\/bdi><\/span><\/span>\n<\/a><a href=\"https:\/\/www.denim-vest.com\/fr\/produit\/gilet-en-denim-blanchi-pour-hommes\/\" aria-describedby=\"woocommerce_loop_add_to_cart_link_describedby_686\" data-quantity=\"1\" class=\"button product_type_variable add_to_cart_button\" data-product_id=\"686\" data-product_sku=\"3256807789525660\" aria-label=\"S\u00e9lectionner les options pour \u201cMens bleached denim vest\u200b\u201d\" rel=\"nofollow\" data-no-translation=\"\" data-trp-gettext=\"\" data-no-translation-aria-label=\"\">Choix des options<\/a>\t<span id=\"woocommerce_loop_add_to_cart_link_describedby_686\" class=\"screen-reader-text\">\n\t\tCe produit a plusieurs variations. Les options peuvent \u00eatre choisies sur la page du produit\t<\/span>\n<\/div><\/li>\n<li class=\"product type-product post-674 status-publish instock product_cat-denim-vest-for-men has-post-thumbnail shipping-taxable purchasable product-type-variable\">\n\t<a href=\"https:\/\/www.denim-vest.com\/fr\/produit\/gilet-western-denim-pour-homme\/\" class=\"woocommerce-LoopProduct-link woocommerce-loop-product__link\"><div class=\"woocommerce-image__wrapper\"><a href=\"https:\/\/www.denim-vest.com\/fr\/produit\/gilet-western-denim-pour-homme\/\" title=\"Gilet en denim western pour homme\" class=\"woocommerce-LoopProduct-link woocommerce-loop-product__link\"><div class=\"shoptimizer-plp-carousel-container\"><div class=\"shoptimizer-plp-image-wrapper\"><img loading=\"lazy\" decoding=\"async\" width=\"300\" height=\"300\" src=\"https:\/\/www.denim-vest.com\/wp-content\/uploads\/2025\/01\/kf-Sc3c25a6683e34cd79f131c5c60f893f5L-300x300.webp\" class=\"attachment-woocommerce_thumbnail size-woocommerce_thumbnail\" alt=\"Gilet en denim western pour homme\" srcset=\"https:\/\/www.denim-vest.com\/wp-content\/uploads\/2025\/01\/kf-Sc3c25a6683e34cd79f131c5c60f893f5L-300x300.webp 300w, https:\/\/www.denim-vest.com\/wp-content\/uploads\/2025\/01\/kf-Sc3c25a6683e34cd79f131c5c60f893f5L-150x150.webp 150w, https:\/\/www.denim-vest.com\/wp-content\/uploads\/2025\/01\/kf-Sc3c25a6683e34cd79f131c5c60f893f5L-800x800.webp 800w, https:\/\/www.denim-vest.com\/wp-content\/uploads\/2025\/01\/kf-Sc3c25a6683e34cd79f131c5c60f893f5L-768x768.webp 768w, https:\/\/www.denim-vest.com\/wp-content\/uploads\/2025\/01\/kf-Sc3c25a6683e34cd79f131c5c60f893f5L.webp 1000w\" sizes=\"(max-width: 360px) 147px, (max-width: 300px) 100vw, 300px\" \/>\t\t\t\n\t<\/div><\/div><\/a><\/div><div class=\"woocommerce-card__header\">\t\t\t\t\t<p class=\"product__categories\"><a href=\"https:\/\/www.denim-vest.com\/fr\/categorie-produit\/gilet-en-jean-pour-hommes\/\" rel=\"tag\">Gilet en jean pour hommes<\/a><\/p>\t\t\t\t<div class=\"woocommerce-loop-product__title\"><a tabindex=\"0\" href=\"https:\/\/www.denim-vest.com\/fr\/produit\/gilet-western-denim-pour-homme\/\" aria-label=\"Gilet en denim western pour homme\" class=\"woocommerce-LoopProduct-link woocommerce-loop-product__link\">Gilet en denim western pour homme<\/a><\/div>\n\t<span class=\"price\"><span class=\"woocommerce-Price-amount amount\"><bdi><span class=\"woocommerce-Price-currencySymbol\">&#36;<\/span>&nbsp;78.49<\/bdi><\/span><\/span>\n<\/a><a href=\"https:\/\/www.denim-vest.com\/fr\/produit\/gilet-western-denim-pour-homme\/\" aria-describedby=\"woocommerce_loop_add_to_cart_link_describedby_674\" data-quantity=\"1\" class=\"button product_type_variable add_to_cart_button\" data-product_id=\"674\" data-product_sku=\"3256807063208973\" aria-label=\"S\u00e9lectionner les options pour \u201cMens western denim vest\u200b\u201d\" rel=\"nofollow\" data-no-translation=\"\" data-trp-gettext=\"\" data-no-translation-aria-label=\"\">Choix des options<\/a>\t<span id=\"woocommerce_loop_add_to_cart_link_describedby_674\" class=\"screen-reader-text\">\n\t\tCe produit a plusieurs variations. Les options peuvent \u00eatre choisies sur la page du produit\t<\/span>\n<\/div><\/li>\n<li class=\"product type-product post-729 status-publish last instock product_cat-kids-denim-vest has-post-thumbnail shipping-taxable purchasable product-type-variable\">\n\t<a href=\"https:\/\/www.denim-vest.com\/fr\/produit\/gilet-en-jean-pour-garcons\/\" class=\"woocommerce-LoopProduct-link woocommerce-loop-product__link\"><div class=\"woocommerce-image__wrapper\"><a href=\"https:\/\/www.denim-vest.com\/fr\/produit\/gilet-en-jean-pour-garcons\/\" title=\"Gilet en denim pour gar\u00e7ons\" class=\"woocommerce-LoopProduct-link woocommerce-loop-product__link\"><div class=\"shoptimizer-plp-carousel-container\"><div class=\"shoptimizer-plp-image-wrapper\"><img loading=\"lazy\" decoding=\"async\" width=\"300\" height=\"300\" src=\"https:\/\/www.denim-vest.com\/wp-content\/uploads\/2025\/01\/Design-sans-titre-2025-01-11T113014.028-300x300.jpg\" class=\"attachment-woocommerce_thumbnail size-woocommerce_thumbnail\" alt=\"Gilet en denim pour gar\u00e7ons\" srcset=\"https:\/\/www.denim-vest.com\/wp-content\/uploads\/2025\/01\/Design-sans-titre-2025-01-11T113014.028-300x300.jpg 300w, https:\/\/www.denim-vest.com\/wp-content\/uploads\/2025\/01\/Design-sans-titre-2025-01-11T113014.028-150x150.jpg 150w, https:\/\/www.denim-vest.com\/wp-content\/uploads\/2025\/01\/Design-sans-titre-2025-01-11T113014.028-600x600.jpg 600w, https:\/\/www.denim-vest.com\/wp-content\/uploads\/2025\/01\/Design-sans-titre-2025-01-11T113014.028-768x768.jpg 768w, https:\/\/www.denim-vest.com\/wp-content\/uploads\/2025\/01\/Design-sans-titre-2025-01-11T113014.028.jpg 800w\" sizes=\"(max-width: 360px) 147px, (max-width: 300px) 100vw, 300px\" \/>\t\t\t\n\t<\/div><\/div><\/a><\/div><div class=\"woocommerce-card__header\">\t\t\t\t\t<p class=\"product__categories\"><a href=\"https:\/\/www.denim-vest.com\/fr\/categorie-produit\/gilet-en-denim-pour-enfants\/\" rel=\"tag\">Gilet en denim pour enfants<\/a><\/p>\t\t\t\t<div class=\"woocommerce-loop-product__title\"><a tabindex=\"0\" href=\"https:\/\/www.denim-vest.com\/fr\/produit\/gilet-en-jean-pour-garcons\/\" aria-label=\"Gilet en denim pour gar\u00e7ons\" class=\"woocommerce-LoopProduct-link woocommerce-loop-product__link\">Gilet en denim pour gar\u00e7ons<\/a><\/div>\n\t<span class=\"price\" data-no-translation=\"\" data-trp-gettext=\"\"><span class=\"woocommerce-Price-amount amount\"><bdi><span class=\"woocommerce-Price-currencySymbol\">&#36;<\/span>&nbsp;36.54<\/bdi><\/span> \u2013 <span class=\"woocommerce-Price-amount amount\"><bdi><span class=\"woocommerce-Price-currencySymbol\">&#36;<\/span>&nbsp;38.94<\/bdi><\/span><\/span>\n<\/a><a href=\"https:\/\/www.denim-vest.com\/fr\/produit\/gilet-en-jean-pour-garcons\/\" aria-describedby=\"woocommerce_loop_add_to_cart_link_describedby_729\" data-quantity=\"1\" class=\"button product_type_variable add_to_cart_button\" data-product_id=\"729\" data-product_sku=\"3256806998869292\" aria-label=\"S\u00e9lectionner les options pour \u201cBoys denim vest\u200b\u201d\" rel=\"nofollow\" data-no-translation=\"\" data-trp-gettext=\"\" data-no-translation-aria-label=\"\">Choix des options<\/a>\t<span id=\"woocommerce_loop_add_to_cart_link_describedby_729\" class=\"screen-reader-text\">\n\t\tCe produit a plusieurs variations. Les options peuvent \u00eatre choisies sur la page du produit\t<\/span>\n<\/div><\/li>\n<\/ul>\n<\/div><\/div>\n\t\t\t\t\t\t<\/div>\n\t\t\t\t<\/div>\n\t\t\t\t\t<\/div>\n\t\t<\/div>\n\t\t\t\t\t<\/div>\n\t\t<\/section>\n\t\t\t\t<section class=\"elementor-section elementor-top-section elementor-element elementor-element-1a818c77 elementor-section-content-middle elementor-reverse-mobile elementor-section-boxed elementor-section-height-default elementor-section-height-default\" data-id=\"1a818c77\" data-element_type=\"section\">\n\t\t\t\t\t\t<div class=\"elementor-container elementor-column-gap-extended\">\n\t\t\t\t\t<div class=\"elementor-column elementor-col-50 elementor-top-column elementor-element elementor-element-237d6a46 elementor-invisible\" data-id=\"237d6a46\" data-element_type=\"column\" data-settings=\"{&quot;animation&quot;:&quot;fadeIn&quot;}\">\n\t\t\t<div class=\"elementor-widget-wrap elementor-element-populated\">\n\t\t\t\t\t\t<div class=\"elementor-element elementor-element-e6d8697 elementor-widget elementor-widget-heading\" data-id=\"e6d8697\" data-element_type=\"widget\" data-widget_type=\"heading.default\">\n\t\t\t\t<div class=\"elementor-widget-container\">\n\t\t\t\t\t<h2 class=\"elementor-heading-title elementor-size-default\">D\u00e9couvrez les meilleurs gilets en jean pour tous les styles<\/h2>\t\t\t\t<\/div>\n\t\t\t\t<\/div>\n\t\t\t\t<div class=\"elementor-element elementor-element-7183f3b4 elementor-widget elementor-widget-text-editor\" data-id=\"7183f3b4\" data-element_type=\"widget\" data-widget_type=\"text-editor.default\">\n\t\t\t\t<div class=\"elementor-widget-container\">\n\t\t\t\t\t\t\t\t\t<p>\u00c0 la recherche de la solution id\u00e9ale\u00a0<strong>gilet en denim<\/strong>\u00a0pour compl\u00e9ter votre tenue ? D\u00e9couvrez notre collection de\u00a0<strong>gilets en denim<\/strong>\u00a0qui r\u00e9pondent \u00e0 tous les styles et \u00e0 toutes les occasions. Des mod\u00e8les classiques aux versions modernes, trouvez le mod\u00e8le id\u00e9al.\u00a0<strong>gilet en denim<\/strong>\u00a0aujourd'hui.<\/p>\t\t\t\t\t\t\t\t<\/div>\n\t\t\t\t<\/div>\n\t\t\t\t\t<\/div>\n\t\t<\/div>\n\t\t\t\t<div class=\"elementor-column elementor-col-50 elementor-top-column elementor-element elementor-element-7d7d1a0e elementor-invisible\" data-id=\"7d7d1a0e\" data-element_type=\"column\" data-settings=\"{&quot;animation&quot;:&quot;fadeIn&quot;,&quot;animation_delay&quot;:200}\">\n\t\t\t<div class=\"elementor-widget-wrap elementor-element-populated\">\n\t\t\t\t\t\t<div class=\"elementor-element elementor-element-b105780 elementor-widget elementor-widget-image\" data-id=\"b105780\" data-element_type=\"widget\" data-widget_type=\"image.default\">\n\t\t\t\t<div class=\"elementor-widget-container\">\n\t\t\t\t\t\t\t\t\t\t\t\t\t\t\t<img loading=\"lazy\" decoding=\"async\" width=\"1024\" height=\"580\" src=\"https:\/\/www.denim-vest.com\/wp-content\/uploads\/2025\/01\/Design-sans-titre-2025-01-12T100756.371-1024x580.jpg\" class=\"attachment-large size-large wp-image-7236\" alt=\"\" srcset=\"https:\/\/www.denim-vest.com\/wp-content\/uploads\/2025\/01\/Design-sans-titre-2025-01-12T100756.371-1024x580.jpg 1024w, https:\/\/www.denim-vest.com\/wp-content\/uploads\/2025\/01\/Design-sans-titre-2025-01-12T100756.371-300x170.jpg 300w, https:\/\/www.denim-vest.com\/wp-content\/uploads\/2025\/01\/Design-sans-titre-2025-01-12T100756.371-768x435.jpg 768w, https:\/\/www.denim-vest.com\/wp-content\/uploads\/2025\/01\/Design-sans-titre-2025-01-12T100756.371-990x561.jpg 990w, https:\/\/www.denim-vest.com\/wp-content\/uploads\/2025\/01\/Design-sans-titre-2025-01-12T100756.371-441x250.jpg 441w, https:\/\/www.denim-vest.com\/wp-content\/uploads\/2025\/01\/Design-sans-titre-2025-01-12T100756.371-800x453.jpg 800w, https:\/\/www.denim-vest.com\/wp-content\/uploads\/2025\/01\/Design-sans-titre-2025-01-12T100756.371-150x85.jpg 150w, https:\/\/www.denim-vest.com\/wp-content\/uploads\/2025\/01\/Design-sans-titre-2025-01-12T100756.371.jpg 1200w\" sizes=\"(max-width: 360px) 147px, (max-width: 1024px) 100vw, 1024px\" \/>\t\t\t\t\t\t\t\t\t\t\t\t\t\t\t<\/div>\n\t\t\t\t<\/div>\n\t\t\t\t\t<\/div>\n\t\t<\/div>\n\t\t\t\t\t<\/div>\n\t\t<\/section>\n\t\t\t\t<section class=\"elementor-section elementor-top-section elementor-element elementor-element-196a5a08 elementor-section-content-middle elementor-section-boxed elementor-section-height-default elementor-section-height-default\" data-id=\"196a5a08\" data-element_type=\"section\">\n\t\t\t\t\t\t<div class=\"elementor-container elementor-column-gap-extended\">\n\t\t\t\t\t<div class=\"elementor-column elementor-col-50 elementor-top-column elementor-element elementor-element-11fd8705 elementor-invisible\" data-id=\"11fd8705\" data-element_type=\"column\" data-settings=\"{&quot;animation&quot;:&quot;fadeIn&quot;}\">\n\t\t\t<div class=\"elementor-widget-wrap elementor-element-populated\">\n\t\t\t\t\t\t<div class=\"elementor-element elementor-element-5b3874d elementor-widget elementor-widget-image\" data-id=\"5b3874d\" data-element_type=\"widget\" data-widget_type=\"image.default\">\n\t\t\t\t<div class=\"elementor-widget-container\">\n\t\t\t\t\t\t\t\t\t\t\t\t\t\t\t<img loading=\"lazy\" decoding=\"async\" width=\"1024\" height=\"580\" src=\"https:\/\/www.denim-vest.com\/wp-content\/uploads\/2025\/01\/Design-sans-titre-2025-01-12T100901.474-1024x580.jpg\" class=\"attachment-large size-large wp-image-7238\" alt=\"\" srcset=\"https:\/\/www.denim-vest.com\/wp-content\/uploads\/2025\/01\/Design-sans-titre-2025-01-12T100901.474-1024x580.jpg 1024w, https:\/\/www.denim-vest.com\/wp-content\/uploads\/2025\/01\/Design-sans-titre-2025-01-12T100901.474-300x170.jpg 300w, https:\/\/www.denim-vest.com\/wp-content\/uploads\/2025\/01\/Design-sans-titre-2025-01-12T100901.474-768x435.jpg 768w, https:\/\/www.denim-vest.com\/wp-content\/uploads\/2025\/01\/Design-sans-titre-2025-01-12T100901.474-990x561.jpg 990w, https:\/\/www.denim-vest.com\/wp-content\/uploads\/2025\/01\/Design-sans-titre-2025-01-12T100901.474-441x250.jpg 441w, https:\/\/www.denim-vest.com\/wp-content\/uploads\/2025\/01\/Design-sans-titre-2025-01-12T100901.474-800x453.jpg 800w, https:\/\/www.denim-vest.com\/wp-content\/uploads\/2025\/01\/Design-sans-titre-2025-01-12T100901.474-150x85.jpg 150w, https:\/\/www.denim-vest.com\/wp-content\/uploads\/2025\/01\/Design-sans-titre-2025-01-12T100901.474.jpg 1200w\" sizes=\"(max-width: 360px) 147px, (max-width: 1024px) 100vw, 1024px\" \/>\t\t\t\t\t\t\t\t\t\t\t\t\t\t\t<\/div>\n\t\t\t\t<\/div>\n\t\t\t\t\t<\/div>\n\t\t<\/div>\n\t\t\t\t<div class=\"elementor-column elementor-col-50 elementor-top-column elementor-element elementor-element-bdf861e elementor-invisible\" data-id=\"bdf861e\" data-element_type=\"column\" data-settings=\"{&quot;animation&quot;:&quot;fadeIn&quot;,&quot;animation_delay&quot;:200}\">\n\t\t\t<div class=\"elementor-widget-wrap elementor-element-populated\">\n\t\t\t\t\t\t<div class=\"elementor-element elementor-element-97df2ba elementor-widget elementor-widget-heading\" data-id=\"97df2ba\" data-element_type=\"widget\" data-widget_type=\"heading.default\">\n\t\t\t\t<div class=\"elementor-widget-container\">\n\t\t\t\t\t<h2 class=\"elementor-heading-title elementor-size-default\">Vestes en jean sans manches \u00e0 prix abordable | Gilets en jean bleu classique<\/h2>\t\t\t\t<\/div>\n\t\t\t\t<\/div>\n\t\t\t\t<div class=\"elementor-element elementor-element-4bad8191 elementor-widget elementor-widget-text-editor\" data-id=\"4bad8191\" data-element_type=\"widget\" data-widget_type=\"text-editor.default\">\n\t\t\t\t<div class=\"elementor-widget-container\">\n\t\t\t\t\t\t\t\t\t<p>Ne vous ruinez pas pour avoir du style ! Notre\u00a0<strong>vestes en denim \u00e0 prix abordable<\/strong>\u00a0offrent un m\u00e9lange parfait de qualit\u00e9 et de valeur. Du classique au\u00a0<strong>gilets en blue jean<\/strong>\u00a0aux styles d\u00e9lav\u00e9s \u00e0 la mode, nous en avons pour tous les go\u00fbts. D\u00e9couvrez notre gamme de\u00a0<strong>vestes en jean sans manches<\/strong>\u00a0et trouvez votre nouveau compagnon de tenue pr\u00e9f\u00e9r\u00e9.<\/p>\t\t\t\t\t\t\t\t<\/div>\n\t\t\t\t<\/div>\n\t\t\t\t\t<\/div>\n\t\t<\/div>\n\t\t\t\t\t<\/div>\n\t\t<\/section>\n\t\t\t\t<section class=\"elementor-section elementor-top-section elementor-element elementor-element-54823e33 elementor-section-boxed elementor-section-height-default elementor-section-height-default\" data-id=\"54823e33\" data-element_type=\"section\">\n\t\t\t\t\t\t<div class=\"elementor-container elementor-column-gap-default\">\n\t\t\t\t\t<div class=\"elementor-column elementor-col-100 elementor-top-column elementor-element elementor-element-4963cde3\" data-id=\"4963cde3\" data-element_type=\"column\">\n\t\t\t<div class=\"elementor-widget-wrap elementor-element-populated\">\n\t\t\t\t\t\t<div class=\"elementor-element elementor-element-44ed6877 elementor-widget elementor-widget-heading\" data-id=\"44ed6877\" data-element_type=\"widget\" data-widget_type=\"heading.default\">\n\t\t\t\t<div class=\"elementor-widget-container\">\n\t\t\t\t\t<span class=\"elementor-heading-title elementor-size-default\">Nos produits les plus populaires<\/span>\t\t\t\t<\/div>\n\t\t\t\t<\/div>\n\t\t\t\t\t<\/div>\n\t\t<\/div>\n\t\t\t\t\t<\/div>\n\t\t<\/section>\n\t\t\t\t<section class=\"elementor-section elementor-top-section elementor-element elementor-element-4fcc49c7 elementor-section-boxed elementor-section-height-default elementor-section-height-default\" data-id=\"4fcc49c7\" data-element_type=\"section\">\n\t\t\t\t\t\t<div class=\"elementor-container elementor-column-gap-default\">\n\t\t\t\t\t<div class=\"elementor-column elementor-col-100 elementor-top-column elementor-element elementor-element-49f9e3d1\" data-id=\"49f9e3d1\" data-element_type=\"column\">\n\t\t\t<div class=\"elementor-widget-wrap elementor-element-populated\">\n\t\t\t\t\t\t<div class=\"elementor-element elementor-element-77401662 elementor-widget elementor-widget-shortcode\" data-id=\"77401662\" data-element_type=\"widget\" data-widget_type=\"shortcode.default\">\n\t\t\t\t<div class=\"elementor-widget-container\">\n\t\t\t\t\t\t\t<div class=\"elementor-shortcode\"><div class=\"woocommerce columns-4 mobile-scroll\"><ul class=\"products columns-4\">\n<li class=\"product type-product post-63 status-publish first instock product_cat-denim-vest-women has-post-thumbnail shipping-taxable purchasable product-type-variable\">\n\t<a href=\"https:\/\/www.denim-vest.com\/fr\/produit\/gilet-en-jean-femme-noir\/\" class=\"woocommerce-LoopProduct-link woocommerce-loop-product__link\"><div class=\"woocommerce-image__wrapper\"><a href=\"https:\/\/www.denim-vest.com\/fr\/produit\/gilet-en-jean-femme-noir\/\" title=\"Gilet en jean femme noir\" class=\"woocommerce-LoopProduct-link woocommerce-loop-product__link\"><div class=\"shoptimizer-plp-carousel-container\"><div class=\"shoptimizer-plp-image-wrapper\"><img loading=\"lazy\" decoding=\"async\" width=\"300\" height=\"300\" src=\"https:\/\/www.denim-vest.com\/wp-content\/uploads\/2025\/01\/kf-S00a9ba54ded044f785d92cae7b615918a-300x300.webp\" class=\"attachment-woocommerce_thumbnail size-woocommerce_thumbnail\" alt=\"Gilet en jean femme noir\" srcset=\"https:\/\/www.denim-vest.com\/wp-content\/uploads\/2025\/01\/kf-S00a9ba54ded044f785d92cae7b615918a-300x300.webp 300w, https:\/\/www.denim-vest.com\/wp-content\/uploads\/2025\/01\/kf-S00a9ba54ded044f785d92cae7b615918a-150x150.webp 150w, https:\/\/www.denim-vest.com\/wp-content\/uploads\/2025\/01\/kf-S00a9ba54ded044f785d92cae7b615918a-600x600.webp 600w, https:\/\/www.denim-vest.com\/wp-content\/uploads\/2025\/01\/kf-S00a9ba54ded044f785d92cae7b615918a-768x768.webp 768w, https:\/\/www.denim-vest.com\/wp-content\/uploads\/2025\/01\/kf-S00a9ba54ded044f785d92cae7b615918a.webp 800w\" sizes=\"(max-width: 360px) 147px, (max-width: 300px) 100vw, 300px\" \/>\t\t\t\n\t<\/div><\/div><\/a><\/div><div class=\"woocommerce-card__header\">\t\t\t\t\t<p class=\"product__categories\"><a href=\"https:\/\/www.denim-vest.com\/fr\/categorie-produit\/gilet-en-denim-pour-femmes\/\" rel=\"tag\">Gilet en denim pour femmes<\/a><\/p>\t\t\t\t<div class=\"woocommerce-loop-product__title\"><a tabindex=\"0\" href=\"https:\/\/www.denim-vest.com\/fr\/produit\/gilet-en-jean-femme-noir\/\" aria-label=\"Gilet en jean femme noir\" class=\"woocommerce-LoopProduct-link woocommerce-loop-product__link\">Gilet en jean femme noir<\/a><\/div>\n\t<span class=\"price\"><span class=\"woocommerce-Price-amount amount\"><bdi><span class=\"woocommerce-Price-currencySymbol\">&#36;<\/span>&nbsp;44.95<\/bdi><\/span><\/span>\n<\/a><a href=\"https:\/\/www.denim-vest.com\/fr\/produit\/gilet-en-jean-femme-noir\/\" aria-describedby=\"woocommerce_loop_add_to_cart_link_describedby_63\" data-quantity=\"1\" class=\"button product_type_variable add_to_cart_button\" data-product_id=\"63\" data-product_sku=\"3256804571476859\" aria-label=\"S\u00e9lectionner les options pour \u201cDenim vest women black\u200b\u201d\" rel=\"nofollow\" data-no-translation=\"\" data-trp-gettext=\"\" data-no-translation-aria-label=\"\">Choix des options<\/a>\t<span id=\"woocommerce_loop_add_to_cart_link_describedby_63\" class=\"screen-reader-text\">\n\t\tCe produit a plusieurs variations. Les options peuvent \u00eatre choisies sur la page du produit\t<\/span>\n<\/div><\/li>\n<li class=\"product type-product post-75 status-publish instock product_cat-denim-vest-women has-post-thumbnail shipping-taxable purchasable product-type-variable\">\n\t<a href=\"https:\/\/www.denim-vest.com\/fr\/produit\/gilet-en-denim-noir-pour-femmes-de-taille-superieure\/\" class=\"woocommerce-LoopProduct-link woocommerce-loop-product__link\"><div class=\"woocommerce-image__wrapper\"><a href=\"https:\/\/www.denim-vest.com\/fr\/produit\/gilet-en-denim-noir-pour-femmes-de-taille-superieure\/\" title=\"Gilet en denim noir pour femmes de taille sup\u00e9rieure\" class=\"woocommerce-LoopProduct-link woocommerce-loop-product__link\"><div class=\"shoptimizer-plp-carousel-container\"><div class=\"shoptimizer-plp-image-wrapper\"><img loading=\"lazy\" decoding=\"async\" width=\"300\" height=\"300\" src=\"https:\/\/www.denim-vest.com\/wp-content\/uploads\/2025\/01\/kf-Sb7c51032e1ca4c61bf68f78fcd258c50D-300x300.webp\" class=\"attachment-woocommerce_thumbnail size-woocommerce_thumbnail\" alt=\"Gilet en denim noir pour femmes de taille sup\u00e9rieure\" srcset=\"https:\/\/www.denim-vest.com\/wp-content\/uploads\/2025\/01\/kf-Sb7c51032e1ca4c61bf68f78fcd258c50D-300x300.webp 300w, https:\/\/www.denim-vest.com\/wp-content\/uploads\/2025\/01\/kf-Sb7c51032e1ca4c61bf68f78fcd258c50D-150x150.webp 150w, https:\/\/www.denim-vest.com\/wp-content\/uploads\/2025\/01\/kf-Sb7c51032e1ca4c61bf68f78fcd258c50D-800x800.webp 800w, https:\/\/www.denim-vest.com\/wp-content\/uploads\/2025\/01\/kf-Sb7c51032e1ca4c61bf68f78fcd258c50D-768x768.webp 768w, https:\/\/www.denim-vest.com\/wp-content\/uploads\/2025\/01\/kf-Sb7c51032e1ca4c61bf68f78fcd258c50D.webp 802w\" sizes=\"(max-width: 360px) 147px, (max-width: 300px) 100vw, 300px\" \/>\t\t\t\n\t<\/div><\/div><\/a><\/div><div class=\"woocommerce-card__header\">\t\t\t\t\t<p class=\"product__categories\"><a href=\"https:\/\/www.denim-vest.com\/fr\/categorie-produit\/gilet-en-denim-pour-femmes\/\" rel=\"tag\">Gilet en denim pour femmes<\/a><\/p>\t\t\t\t<div class=\"woocommerce-loop-product__title\"><a tabindex=\"0\" href=\"https:\/\/www.denim-vest.com\/fr\/produit\/gilet-en-denim-noir-pour-femmes-de-taille-superieure\/\" aria-label=\"Gilet en denim noir pour femmes de taille sup\u00e9rieure\" class=\"woocommerce-LoopProduct-link woocommerce-loop-product__link\">Gilet en denim noir pour femmes de taille sup\u00e9rieure<\/a><\/div>\n\t<span class=\"price\" data-no-translation=\"\" data-trp-gettext=\"\"><span class=\"woocommerce-Price-amount amount\"><bdi><span class=\"woocommerce-Price-currencySymbol\">&#36;<\/span>&nbsp;36.03<\/bdi><\/span> \u2013 <span class=\"woocommerce-Price-amount amount\"><bdi><span class=\"woocommerce-Price-currencySymbol\">&#36;<\/span>&nbsp;36.95<\/bdi><\/span><\/span>\n<\/a><a href=\"https:\/\/www.denim-vest.com\/fr\/produit\/gilet-en-denim-noir-pour-femmes-de-taille-superieure\/\" aria-describedby=\"woocommerce_loop_add_to_cart_link_describedby_75\" data-quantity=\"1\" class=\"button product_type_variable add_to_cart_button\" data-product_id=\"75\" data-product_sku=\"3256805739855657\" aria-label=\"S\u00e9lectionner les options pour \u201cWomen&#039;s plus size black denim vest\u200b\u201d\" rel=\"nofollow\" data-no-translation=\"\" data-trp-gettext=\"\" data-no-translation-aria-label=\"\">Choix des options<\/a>\t<span id=\"woocommerce_loop_add_to_cart_link_describedby_75\" class=\"screen-reader-text\">\n\t\tCe produit a plusieurs variations. Les options peuvent \u00eatre choisies sur la page du produit\t<\/span>\n<\/div><\/li>\n<li class=\"product type-product post-92 status-publish instock product_cat-denim-vest-women has-post-thumbnail shipping-taxable purchasable product-type-variable\">\n\t<a href=\"https:\/\/www.denim-vest.com\/fr\/produit\/gilet-long-en-jean-pour-femmes\/\" class=\"woocommerce-LoopProduct-link woocommerce-loop-product__link\"><div class=\"woocommerce-image__wrapper\"><a href=\"https:\/\/www.denim-vest.com\/fr\/produit\/gilet-long-en-jean-pour-femmes\/\" title=\"Gilet long en denim pour femmes\" class=\"woocommerce-LoopProduct-link woocommerce-loop-product__link\"><div class=\"shoptimizer-plp-carousel-container\"><div class=\"shoptimizer-plp-image-wrapper\"><img loading=\"lazy\" decoding=\"async\" width=\"300\" height=\"300\" src=\"https:\/\/www.denim-vest.com\/wp-content\/uploads\/2025\/01\/Logo-pour-podcast-francais-2-scaled-300x300.jpg\" class=\"attachment-woocommerce_thumbnail size-woocommerce_thumbnail\" alt=\"Gilet long en denim pour femmes\" srcset=\"https:\/\/www.denim-vest.com\/wp-content\/uploads\/2025\/01\/Logo-pour-podcast-francais-2-300x300.jpg 300w, https:\/\/www.denim-vest.com\/wp-content\/uploads\/2025\/01\/Logo-pour-podcast-francais-2-150x150.jpg 150w, https:\/\/www.denim-vest.com\/wp-content\/uploads\/2025\/01\/Logo-pour-podcast-francais-2-scaled-800x800.jpg 800w, https:\/\/www.denim-vest.com\/wp-content\/uploads\/2025\/01\/Logo-pour-podcast-francais-2-1024x1024.jpg 1024w, https:\/\/www.denim-vest.com\/wp-content\/uploads\/2025\/01\/Logo-pour-podcast-francais-2-768x768.jpg 768w, https:\/\/www.denim-vest.com\/wp-content\/uploads\/2025\/01\/Logo-pour-podcast-francais-2-1536x1536.jpg 1536w, https:\/\/www.denim-vest.com\/wp-content\/uploads\/2025\/01\/Logo-pour-podcast-francais-2-2048x2048.jpg 2048w\" sizes=\"(max-width: 360px) 147px, (max-width: 300px) 100vw, 300px\" \/>\t\t\t\n\t<\/div><\/div><\/a><\/div><div class=\"woocommerce-card__header\">\t\t\t\t\t<p class=\"product__categories\"><a href=\"https:\/\/www.denim-vest.com\/fr\/categorie-produit\/gilet-en-denim-pour-femmes\/\" rel=\"tag\">Gilet en denim pour femmes<\/a><\/p>\t\t\t\t<div class=\"woocommerce-loop-product__title\"><a tabindex=\"0\" href=\"https:\/\/www.denim-vest.com\/fr\/produit\/gilet-long-en-jean-pour-femmes\/\" aria-label=\"Gilet long en denim pour femmes\" class=\"woocommerce-LoopProduct-link woocommerce-loop-product__link\">Gilet long en denim pour femmes<\/a><\/div>\n\t<span class=\"price\"><span class=\"woocommerce-Price-amount amount\"><bdi><span class=\"woocommerce-Price-currencySymbol\">&#36;<\/span>&nbsp;48.33<\/bdi><\/span><\/span>\n<\/a><a href=\"https:\/\/www.denim-vest.com\/fr\/produit\/gilet-long-en-jean-pour-femmes\/\" aria-describedby=\"woocommerce_loop_add_to_cart_link_describedby_92\" data-quantity=\"1\" class=\"button product_type_variable add_to_cart_button\" data-product_id=\"92\" data-product_sku=\"3256804585892822\" aria-label=\"S\u00e9lectionner les options pour \u201cLong denim vest for women\u200b\u201d\" rel=\"nofollow\" data-no-translation=\"\" data-trp-gettext=\"\" data-no-translation-aria-label=\"\">Choix des options<\/a>\t<span id=\"woocommerce_loop_add_to_cart_link_describedby_92\" class=\"screen-reader-text\">\n\t\tCe produit a plusieurs variations. Les options peuvent \u00eatre choisies sur la page du produit\t<\/span>\n<\/div><\/li>\n<li class=\"product type-product post-108 status-publish last instock product_cat-denim-vest-women has-post-thumbnail shipping-taxable purchasable product-type-variable\">\n\t<a href=\"https:\/\/www.denim-vest.com\/fr\/produit\/gilet-en-jean-bleu-pour-femmes\/\" class=\"woocommerce-LoopProduct-link woocommerce-loop-product__link\"><div class=\"woocommerce-image__wrapper\"><a href=\"https:\/\/www.denim-vest.com\/fr\/produit\/gilet-en-jean-bleu-pour-femmes\/\" title=\"Gilet en denim bleu pour femmes\" class=\"woocommerce-LoopProduct-link woocommerce-loop-product__link\"><div class=\"shoptimizer-plp-carousel-container\"><div class=\"shoptimizer-plp-image-wrapper\"><img loading=\"lazy\" decoding=\"async\" width=\"300\" height=\"300\" src=\"https:\/\/www.denim-vest.com\/wp-content\/uploads\/2025\/01\/main-image-2-300x300.jpeg\" class=\"attachment-woocommerce_thumbnail size-woocommerce_thumbnail\" alt=\"Gilet en denim bleu pour femmes\" srcset=\"https:\/\/www.denim-vest.com\/wp-content\/uploads\/2025\/01\/main-image-2-300x300.jpeg 300w, https:\/\/www.denim-vest.com\/wp-content\/uploads\/2025\/01\/main-image-2-150x150.jpeg 150w, https:\/\/www.denim-vest.com\/wp-content\/uploads\/2025\/01\/main-image-2-600x600.jpeg 600w, https:\/\/www.denim-vest.com\/wp-content\/uploads\/2025\/01\/main-image-2-768x768.jpeg 768w, https:\/\/www.denim-vest.com\/wp-content\/uploads\/2025\/01\/main-image-2.jpeg 800w\" sizes=\"(max-width: 360px) 147px, (max-width: 300px) 100vw, 300px\" \/>\t\t\t\n\t<\/div><\/div><\/a><\/div><div class=\"woocommerce-card__header\">\t\t\t\t\t<p class=\"product__categories\"><a href=\"https:\/\/www.denim-vest.com\/fr\/categorie-produit\/gilet-en-denim-pour-femmes\/\" rel=\"tag\">Gilet en denim pour femmes<\/a><\/p>\t\t\t\t<div class=\"woocommerce-loop-product__title\"><a tabindex=\"0\" href=\"https:\/\/www.denim-vest.com\/fr\/produit\/gilet-en-jean-bleu-pour-femmes\/\" aria-label=\"Gilet en denim bleu pour femmes\" class=\"woocommerce-LoopProduct-link woocommerce-loop-product__link\">Gilet en denim bleu pour femmes<\/a><\/div>\n\t<span class=\"price\"><span class=\"woocommerce-Price-amount amount\"><bdi><span class=\"woocommerce-Price-currencySymbol\">&#36;<\/span>&nbsp;44.95<\/bdi><\/span><\/span>\n<\/a><a href=\"https:\/\/www.denim-vest.com\/fr\/produit\/gilet-en-jean-bleu-pour-femmes\/\" aria-describedby=\"woocommerce_loop_add_to_cart_link_describedby_108\" data-quantity=\"1\" class=\"button product_type_variable add_to_cart_button\" data-product_id=\"108\" data-product_sku=\"3256804571476859-1\" aria-label=\"S\u00e9lectionner les options pour \u201cBlue denim vest for women\u200b\u201d\" rel=\"nofollow\" data-no-translation=\"\" data-trp-gettext=\"\" data-no-translation-aria-label=\"\">Choix des options<\/a>\t<span id=\"woocommerce_loop_add_to_cart_link_describedby_108\" class=\"screen-reader-text\">\n\t\tCe produit a plusieurs variations. Les options peuvent \u00eatre choisies sur la page du produit\t<\/span>\n<\/div><\/li>\n<\/ul>\n<\/div><\/div>\n\t\t\t\t\t\t<\/div>\n\t\t\t\t<\/div>\n\t\t\t\t\t<\/div>\n\t\t<\/div>\n\t\t\t\t\t<\/div>\n\t\t<\/section>\n\t\t\t\t<section class=\"elementor-section elementor-top-section elementor-element elementor-element-13626177 elementor-section-stretched elementor-section-boxed elementor-section-height-default elementor-section-height-default\" data-id=\"13626177\" data-element_type=\"section\" data-settings=\"{&quot;stretch_section&quot;:&quot;section-stretched&quot;}\">\n\t\t\t\t\t\t<div class=\"elementor-container elementor-column-gap-wide\">\n\t\t\t\t\t<div class=\"elementor-column elementor-col-100 elementor-top-column elementor-element elementor-element-7091b17a\" data-id=\"7091b17a\" data-element_type=\"column\">\n\t\t\t<div class=\"elementor-widget-wrap elementor-element-populated\">\n\t\t\t\t\t\t<div class=\"elementor-element elementor-element-4cb141a5 elementor-widget elementor-widget-heading\" data-id=\"4cb141a5\" data-element_type=\"widget\" data-widget_type=\"heading.default\">\n\t\t\t\t<div class=\"elementor-widget-container\">\n\t\t\t\t\t<h2 class=\"elementor-heading-title elementor-size-default\">Gilets en denim d'inspiration vintage<\/h2>\t\t\t\t<\/div>\n\t\t\t\t<\/div>\n\t\t\t\t<div class=\"elementor-element elementor-element-59b8dfcd elementor-widget elementor-widget-text-editor\" data-id=\"59b8dfcd\" data-element_type=\"widget\" data-widget_type=\"text-editor.default\">\n\t\t\t\t<div class=\"elementor-widget-container\">\n\t\t\t\t\t\t\t\t\t<p>Remontez le temps gr\u00e2ce \u00e0 notre collection d'inspiration vintage.\u00a0<strong>gilets en denim<\/strong>. Notre collection d'articles r\u00e9tro\u00a0<strong>gilets en jean<\/strong>\u00a0ajoute une touche de nostalgie \u00e0 n'importe quelle tenue. Que vous soyez un fan des ann\u00e9es 70, 80 ou 90, notre\u00a0<strong>vestes en jean sans manches<\/strong>\u00a0vous transporteront dans votre \u00e9poque pr\u00e9f\u00e9r\u00e9e. D\u00e9couvrez notre collection\u00a0<strong>gilet en denim<\/strong>\u00a0collection maintenant !<\/p>\t\t\t\t\t\t\t\t<\/div>\n\t\t\t\t<\/div>\n\t\t\t\t\t<\/div>\n\t\t<\/div>\n\t\t\t\t\t<\/div>\n\t\t<\/section>\n\t\t\t\t<\/div>","protected":false},"excerpt":{"rendered":"<p>Stylish Denim Vests for Men and Women | Jean Jackets Whether you&#8217;re going for a casual look or dressing up for a night out, our jean jackets without sleeves are versatile and timeless. Browse our collection of denim waistcoats today! Pick up a bargain \u2192 Denim vest womenfrom $34Shop Now Denim vest for menfrom $39Shop [&hellip;]<\/p>","protected":false},"author":1,"featured_media":0,"parent":0,"menu_order":0,"comment_status":"closed","ping_status":"closed","template":"template-canvas.php","meta":{"footnotes":""},"class_list":["post-7105","page","type-page","status-publish","hentry"],"rankMath":{"parentDomain":"denim-vest.com","noFollowDomains":[],"noFollowExcludeDomains":[],"noFollowExternalLinks":false,"featuredImageNotice":"L\u2019image en vedette devrait \u00eatre au moins 200 par 200 pixels pour \u00eatre utilis\u00e9 par Facebook et d\u2019autres sites de m\u00e9dias sociaux.","pluginReviewed":false,"postSettings":{"linkSuggestions":true,"useFocusKeyword":false},"frontEndScore":false,"postName":"home","permalinkFormat":"https:\/\/www.denim-vest.com\/fr\/","showLockModifiedDate":true,"assessor":{"focusKeywordLink":"https:\/\/www.denim-vest.com\/wp-admin\/edit.php?focus_keyword=%focus_keyword%&post_type=%post_type%","hasTOCPlugin":false,"primaryTaxonomy":false,"serpData":{"title":"Denim Vests for Men &amp; Women - %sitename%","description":"Shop trendy denim vests for men and women. Premium quality, versatile styles, and fast shipping. Find your perfect denim vest today!","focusKeywords":"","pillarContent":false,"canonicalUrl":"","breadcrumbTitle":"","advancedRobots":[],"facebookTitle":"","facebookDescription":"","facebookImage":"","facebookImageID":"","facebookHasOverlay":false,"facebookImageOverlay":"","facebookAuthor":"","twitterCardType":"","twitterUseFacebook":true,"twitterTitle":"","twitterDescription":"","twitterImage":"","twitterImageID":"","twitterHasOverlay":false,"twitterImageOverlay":"","twitterPlayerUrl":"","twitterPlayerSize":"","twitterPlayerStream":"","twitterPlayerStreamCtype":"","twitterAppDescription":"","twitterAppIphoneName":"","twitterAppIphoneID":"","twitterAppIphoneUrl":"","twitterAppIpadName":"","twitterAppIpadID":"","twitterAppIpadUrl":"","twitterAppGoogleplayName":"","twitterAppGoogleplayID":"","twitterAppGoogleplayUrl":"","twitterAppCountry":"","robots":{"index":true},"twitterAuthor":"identifiant","primaryTerm":0,"authorName":"behzaddenimvest","titleTemplate":"%title% %sep% %sitename%","descriptionTemplate":"%excerpt%","showScoreFrontend":true,"lockModifiedDate":false},"powerWords":["absolument","amazement","astonishing","authentique","beau","bien-\u00eatre","brillant","captivant","charismatique","choc","clair","compl\u00e8tement","confidentiel","confiance","cons\u00e9quent","cr\u00e9atif","d\u00e9finitivement","d\u00e9licieux","d\u00e9montrer","d\u00e9p\u00eachez-vous","d\u00e9termin\u00e9","digne","dynamique","\u00e9blouissant","\u00e9clatant","\u00e9conomique","\u00e9fficace","\u00e9l\u00e9gant","\u00e9motionnel","\u00e9nergique","\u00e9norme","\u00e9poustouflant","essentiel","\u00e9tonnant","exclusif","exp\u00e9rience","fabuleux","fantastique","formidable","fort","garanti","g\u00e9ant","g\u00e9n\u00e9reux","grandiose","gratuit","habile","harmonieux","historique","hors pair","important","incroyable","indispensable","inoubliable","inspirant","innovant","intense","invention","irr\u00e9sistible","l\u00e9gendaire","lumineux","luxe","magique","magnifique","majestueux","marquant","merveilleux","miraculeux","motivant","n\u00e9cessaire","nouvelle","officiel","parfait","passionn\u00e9","persuasif","ph\u00e9nom\u00e9nal","plaisir","populaire","pouvoir","prestigieux","prodigieux","profond","prosp\u00e8re","puissant","qualit\u00e9","radieux","rapide","r\u00e9ussi","r\u00e9volutionnaire","satisfait","s\u00e9curit\u00e9","sensationnel","serein","somptueux","splendide","sublime","surprenant","talentueux","terrifiant","unique","valeur","vibrant","victorieux","vif","vraiment","z\u00e9l\u00e9"],"diacritics":{"A":"[\\u0041\\u24B6\\uFF21\\u00C0\\u00C1\\u00C2\\u1EA6\\u1EA4\\u1EAA\\u1EA8\\u00C3\\u0100\\u0102\\u1EB0\\u1EAE\\u1EB4\\u1EB2\\u0226\\u01E0\\u00C4\\u01DE\\u1EA2\\u00C5\\u01FA\\u01CD\\u0200\\u0202\\u1EA0\\u1EAC\\u1EB6\\u1E00\\u0104\\u023A\\u2C6F]","AA":"[\\uA732]","AE":"[\\u00C6\\u01FC\\u01E2]","AO":"[\\uA734]","AU":"[\\uA736]","AV":"[\\uA738\\uA73A]","AY":"[\\uA73C]","B":"[\\u0042\\u24B7\\uFF22\\u1E02\\u1E04\\u1E06\\u0243\\u0182\\u0181]","C":"[\\u0043\\u24B8\\uFF23\\u0106\\u0108\\u010A\\u010C\\u00C7\\u1E08\\u0187\\u023B\\uA73E]","D":"[\\u0044\\u24B9\\uFF24\\u1E0A\\u010E\\u1E0C\\u1E10\\u1E12\\u1E0E\\u0110\\u018B\\u018A\\u0189\\uA779]","DZ":"[\\u01F1\\u01C4]","Dz":"[\\u01F2\\u01C5]","E":"[\\u0045\\u24BA\\uFF25\\u00C8\\u00C9\\u00CA\\u1EC0\\u1EBE\\u1EC4\\u1EC2\\u1EBC\\u0112\\u1E14\\u1E16\\u0114\\u0116\\u00CB\\u1EBA\\u011A\\u0204\\u0206\\u1EB8\\u1EC6\\u0228\\u1E1C\\u0118\\u1E18\\u1E1A\\u0190\\u018E]","F":"[\\u0046\\u24BB\\uFF26\\u1E1E\\u0191\\uA77B]","G":"[\\u0047\\u24BC\\uFF27\\u01F4\\u011C\\u1E20\\u011E\\u0120\\u01E6\\u0122\\u01E4\\u0193\\uA7A0\\uA77D\\uA77E]","H":"[\\u0048\\u24BD\\uFF28\\u0124\\u1E22\\u1E26\\u021E\\u1E24\\u1E28\\u1E2A\\u0126\\u2C67\\u2C75\\uA78D]","I":"[\\u0049\\u24BE\\uFF29\\u00CC\\u00CD\\u00CE\\u0128\\u012A\\u012C\\u0130\\u00CF\\u1E2E\\u1EC8\\u01CF\\u0208\\u020A\\u1ECA\\u012E\\u1E2C\\u0197]","J":"[\\u004A\\u24BF\\uFF2A\\u0134\\u0248]","K":"[\\u004B\\u24C0\\uFF2B\\u1E30\\u01E8\\u1E32\\u0136\\u1E34\\u0198\\u2C69\\uA740\\uA742\\uA744\\uA7A2]","L":"[\\u004C\\u24C1\\uFF2C\\u013F\\u0139\\u013D\\u1E36\\u1E38\\u013B\\u1E3C\\u1E3A\\u0141\\u023D\\u2C62\\u2C60\\uA748\\uA746\\uA780]","LJ":"[\\u01C7]","Lj":"[\\u01C8]","M":"[\\u004D\\u24C2\\uFF2D\\u1E3E\\u1E40\\u1E42\\u2C6E\\u019C]","N":"[\\u004E\\u24C3\\uFF2E\\u01F8\\u0143\\u00D1\\u1E44\\u0147\\u1E46\\u0145\\u1E4A\\u1E48\\u0220\\u019D\\uA790\\uA7A4]","NJ":"[\\u01CA]","Nj":"[\\u01CB]","O":"[\\u004F\\u24C4\\uFF2F\\u00D2\\u00D3\\u00D4\\u1ED2\\u1ED0\\u1ED6\\u1ED4\\u00D5\\u1E4C\\u022C\\u1E4E\\u014C\\u1E50\\u1E52\\u014E\\u022E\\u0230\\u00D6\\u022A\\u1ECE\\u0150\\u01D1\\u020C\\u020E\\u01A0\\u1EDC\\u1EDA\\u1EE0\\u1EDE\\u1EE2\\u1ECC\\u1ED8\\u01EA\\u01EC\\u00D8\\u01FE\\u0186\\u019F\\uA74A\\uA74C]","OI":"[\\u01A2]","OO":"[\\uA74E]","OU":"[\\u0222]","P":"[\\u0050\\u24C5\\uFF30\\u1E54\\u1E56\\u01A4\\u2C63\\uA750\\uA752\\uA754]","Q":"[\\u0051\\u24C6\\uFF31\\uA756\\uA758\\u024A]","R":"[\\u0052\\u24C7\\uFF32\\u0154\\u1E58\\u0158\\u0210\\u0212\\u1E5A\\u1E5C\\u0156\\u1E5E\\u024C\\u2C64\\uA75A\\uA7A6\\uA782]","S":"[\\u0053\\u24C8\\uFF33\\u1E9E\\u015A\\u1E64\\u015C\\u1E60\\u0160\\u1E66\\u1E62\\u1E68\\u0218\\u015E\\u2C7E\\uA7A8\\uA784]","T":"[\\u0054\\u24C9\\uFF34\\u1E6A\\u0164\\u1E6C\\u021A\\u0162\\u1E70\\u1E6E\\u0166\\u01AC\\u01AE\\u023E\\uA786]","TZ":"[\\uA728]","U":"[\\u0055\\u24CA\\uFF35\\u00D9\\u00DA\\u00DB\\u0168\\u1E78\\u016A\\u1E7A\\u016C\\u00DC\\u01DB\\u01D7\\u01D5\\u01D9\\u1EE6\\u016E\\u0170\\u01D3\\u0214\\u0216\\u01AF\\u1EEA\\u1EE8\\u1EEE\\u1EEC\\u1EF0\\u1EE4\\u1E72\\u0172\\u1E76\\u1E74\\u0244]","V":"[\\u0056\\u24CB\\uFF36\\u1E7C\\u1E7E\\u01B2\\uA75E\\u0245]","VY":"[\\uA760]","W":"[\\u0057\\u24CC\\uFF37\\u1E80\\u1E82\\u0174\\u1E86\\u1E84\\u1E88\\u2C72]","X":"[\\u0058\\u24CD\\uFF38\\u1E8A\\u1E8C]","Y":"[\\u0059\\u24CE\\uFF39\\u1EF2\\u00DD\\u0176\\u1EF8\\u0232\\u1E8E\\u0178\\u1EF6\\u1EF4\\u01B3\\u024E\\u1EFE]","Z":"[\\u005A\\u24CF\\uFF3A\\u0179\\u1E90\\u017B\\u017D\\u1E92\\u1E94\\u01B5\\u0224\\u2C7F\\u2C6B\\uA762]","a":"[\\u0061\\u24D0\\uFF41\\u1E9A\\u00E0\\u00E1\\u00E2\\u1EA7\\u1EA5\\u1EAB\\u1EA9\\u00E3\\u0101\\u0103\\u1EB1\\u1EAF\\u1EB5\\u1EB3\\u0227\\u01E1\\u00E4\\u01DF\\u1EA3\\u00E5\\u01FB\\u01CE\\u0201\\u0203\\u1EA1\\u1EAD\\u1EB7\\u1E01\\u0105\\u2C65\\u0250]","aa":"[\\uA733]","ae":"[\\u00E6\\u01FD\\u01E3]","ao":"[\\uA735]","au":"[\\uA737]","av":"[\\uA739\\uA73B]","ay":"[\\uA73D]","b":"[\\u0062\\u24D1\\uFF42\\u1E03\\u1E05\\u1E07\\u0180\\u0183\\u0253]","c":"[\\u0063\\u24D2\\uFF43\\u0107\\u0109\\u010B\\u010D\\u00E7\\u1E09\\u0188\\u023C\\uA73F\\u2184]","d":"[\\u0064\\u24D3\\uFF44\\u1E0B\\u010F\\u1E0D\\u1E11\\u1E13\\u1E0F\\u0111\\u018C\\u0256\\u0257\\uA77A]","dz":"[\\u01F3\\u01C6]","e":"[\\u0065\\u24D4\\uFF45\\u00E8\\u00E9\\u00EA\\u1EC1\\u1EBF\\u1EC5\\u1EC3\\u1EBD\\u0113\\u1E15\\u1E17\\u0115\\u0117\\u00EB\\u1EBB\\u011B\\u0205\\u0207\\u1EB9\\u1EC7\\u0229\\u1E1D\\u0119\\u1E19\\u1E1B\\u0247\\u025B\\u01DD]","f":"[\\u0066\\u24D5\\uFF46\\u1E1F\\u0192\\uA77C]","g":"[\\u0067\\u24D6\\uFF47\\u01F5\\u011D\\u1E21\\u011F\\u0121\\u01E7\\u0123\\u01E5\\u0260\\uA7A1\\u1D79\\uA77F]","h":"[\\u0068\\u24D7\\uFF48\\u0125\\u1E23\\u1E27\\u021F\\u1E25\\u1E29\\u1E2B\\u1E96\\u0127\\u2C68\\u2C76\\u0265]","hv":"[\\u0195]","i":"[\\u0069\\u24D8\\uFF49\\u00EC\\u00ED\\u00EE\\u0129\\u012B\\u012D\\u00EF\\u1E2F\\u1EC9\\u01D0\\u0209\\u020B\\u1ECB\\u012F\\u1E2D\\u0268\\u0131]","j":"[\\u006A\\u24D9\\uFF4A\\u0135\\u01F0\\u0249]","k":"[\\u006B\\u24DA\\uFF4B\\u1E31\\u01E9\\u1E33\\u0137\\u1E35\\u0199\\u2C6A\\uA741\\uA743\\uA745\\uA7A3]","l":"[\\u006C\\u24DB\\uFF4C\\u0140\\u013A\\u013E\\u1E37\\u1E39\\u013C\\u1E3D\\u1E3B\\u017F\\u0142\\u019A\\u026B\\u2C61\\uA749\\uA781\\uA747]","lj":"[\\u01C9]","m":"[\\u006D\\u24DC\\uFF4D\\u1E3F\\u1E41\\u1E43\\u0271\\u026F]","n":"[\\u006E\\u24DD\\uFF4E\\u01F9\\u0144\\u00F1\\u1E45\\u0148\\u1E47\\u0146\\u1E4B\\u1E49\\u019E\\u0272\\u0149\\uA791\\uA7A5]","nj":"[\\u01CC]","o":"[\\u006F\\u24DE\\uFF4F\\u00F2\\u00F3\\u00F4\\u1ED3\\u1ED1\\u1ED7\\u1ED5\\u00F5\\u1E4D\\u022D\\u1E4F\\u014D\\u1E51\\u1E53\\u014F\\u022F\\u0231\\u00F6\\u022B\\u1ECF\\u0151\\u01D2\\u020D\\u020F\\u01A1\\u1EDD\\u1EDB\\u1EE1\\u1EDF\\u1EE3\\u1ECD\\u1ED9\\u01EB\\u01ED\\u00F8\\u01FF\\u0254\\uA74B\\uA74D\\u0275]","oi":"[\\u01A3]","ou":"[\\u0223]","oo":"[\\uA74F]","p":"[\\u0070\\u24DF\\uFF50\\u1E55\\u1E57\\u01A5\\u1D7D\\uA751\\uA753\\uA755]","q":"[\\u0071\\u24E0\\uFF51\\u024B\\uA757\\uA759]","r":"[\\u0072\\u24E1\\uFF52\\u0155\\u1E59\\u0159\\u0211\\u0213\\u1E5B\\u1E5D\\u0157\\u1E5F\\u024D\\u027D\\uA75B\\uA7A7\\uA783]","s":"[\\u0073\\u24E2\\uFF53\\u015B\\u1E65\\u015D\\u1E61\\u0161\\u1E67\\u1E63\\u1E69\\u0219\\u015F\\u023F\\uA7A9\\uA785\\u1E9B]","ss":"[\\u00DF]","t":"[\\u0074\\u24E3\\uFF54\\u1E6B\\u1E97\\u0165\\u1E6D\\u021B\\u0163\\u1E71\\u1E6F\\u0167\\u01AD\\u0288\\u2C66\\uA787]","tz":"[\\uA729]","u":"[\\u0075\\u24E4\\uFF55\\u00F9\\u00FA\\u00FB\\u0169\\u1E79\\u016B\\u1E7B\\u016D\\u00FC\\u01DC\\u01D8\\u01D6\\u01DA\\u1EE7\\u016F\\u0171\\u01D4\\u0215\\u0217\\u01B0\\u1EEB\\u1EE9\\u1EEF\\u1EED\\u1EF1\\u1EE5\\u1E73\\u0173\\u1E77\\u1E75\\u0289]","v":"[\\u0076\\u24E5\\uFF56\\u1E7D\\u1E7F\\u028B\\uA75F\\u028C]","vy":"[\\uA761]","w":"[\\u0077\\u24E6\\uFF57\\u1E81\\u1E83\\u0175\\u1E87\\u1E85\\u1E98\\u1E89\\u2C73]","x":"[\\u0078\\u24E7\\uFF58\\u1E8B\\u1E8D]","y":"[\\u0079\\u24E8\\uFF59\\u1EF3\\u00FD\\u0177\\u1EF9\\u0233\\u1E8F\\u00FF\\u1EF7\\u1E99\\u1EF5\\u01B4\\u024F\\u1EFF]","z":"[\\u007A\\u24E9\\uFF5A\\u017A\\u1E91\\u017C\\u017E\\u1E93\\u1E95\\u01B6\\u0225\\u0240\\u2C6C\\uA763]"},"researchesTests":["contentHasTOC","contentHasShortParagraphs","contentHasAssets","keywordInTitle","keywordInMetaDescription","keywordInPermalink","keywordIn10Percent","keywordInContent","keywordInSubheadings","keywordInImageAlt","keywordDensity","keywordNotUsed","lengthContent","lengthPermalink","linksHasInternal","linksHasExternals","linksNotAllExternals","titleStartWithKeyword","titleSentiment","titleHasPowerWords","titleHasNumber","hasContentAI"],"hasRedirection":false,"hasBreadcrumb":false},"homeUrl":"https:\/\/www.denim-vest.com\/fr","objectID":7105,"objectType":"post","locale":"fr","localeFull":"fr_FR","overlayImages":{"play":{"name":"Ic\u00f4ne de lecture","url":"https:\/\/www.denim-vest.com\/wp-content\/plugins\/seo-by-rank-math\/assets\/admin\/img\/icon-play.png","path":"\/home\/kobe6334\/denim-vest.com\/wp-content\/plugins\/seo-by-rank-math\/assets\/admin\/img\/icon-play.png","position":"middle_center"},"gif":{"name":"Ic\u00f4ne GIF","url":"https:\/\/www.denim-vest.com\/wp-content\/plugins\/seo-by-rank-math\/assets\/admin\/img\/icon-gif.png","path":"\/home\/kobe6334\/denim-vest.com\/wp-content\/plugins\/seo-by-rank-math\/assets\/admin\/img\/icon-gif.png","position":"middle_center"}},"defautOgImage":"https:\/\/www.denim-vest.com\/wp-content\/plugins\/seo-by-rank-math\/assets\/admin\/img\/social-placeholder.jpg","customPermalinks":true,"isUserRegistered":false,"autoSuggestKeywords":false,"connectSiteUrl":"https:\/\/rankmath.com\/auth?site=https%3A%2F%2Fwww.denim-vest.com%2Ffr&r=https%3A%2F%2Fwww.denim-vest.com%2Ffr%2Fwp-json%2Fwp%2Fv2%2Fpages%2F7105%3Fnonce%3D4f270aad43","maxTags":5,"trendsIcon":"<svg viewBox=\"0 0 610 610\"><path d=\"M18.85,446,174.32,290.48l58.08,58.08L76.93,504a14.54,14.54,0,0,1-20.55,0L18.83,466.48a14.54,14.54,0,0,1,0-20.55Z\" style=\"fill:#4285f4\"\/><path d=\"M242.65,242.66,377.59,377.6l-47.75,47.75a14.54,14.54,0,0,1-20.55,0L174.37,290.43l47.75-47.75A14.52,14.52,0,0,1,242.65,242.66Z\" style=\"fill:#ea4335\"\/><polygon points=\"319.53 319.53 479.26 159.8 537.34 217.88 377.61 377.62 319.53 319.53\" style=\"fill:#fabb05\"\/><path d=\"M594.26,262.73V118.61h0a16.94,16.94,0,0,0-16.94-16.94H433.2a16.94,16.94,0,0,0-12,28.92L565.34,274.71h0a16.94,16.94,0,0,0,28.92-12Z\" style=\"fill:#34a853\"\/><rect width=\"610\" height=\"610\" style=\"fill:none\"\/><\/svg>","showScore":true,"siteFavIcon":"https:\/\/www.denim-vest.com\/wp-content\/uploads\/2025\/01\/cropped-Design-sans-titre-36-1-32x32.png","canUser":{"general":false,"advanced":false,"snippet":false,"social":false,"analysis":false,"analytics":false,"content_ai":false},"showKeywordIntent":true,"isPro":false,"is_front_page":false,"trendsUpgradeLink":"https:\/\/rankmath.com\/pricing\/?utm_source=Plugin&utm_medium=CE%20General%20Tab%20Trends&utm_campaign=WP","trendsUpgradeLabel":"Mettre \u00e0 niveau","trendsPreviewImage":"https:\/\/www.denim-vest.com\/wp-content\/plugins\/seo-by-rank-math\/assets\/admin\/img\/trends-preview.jpg","currentEditor":false,"homepageData":{"assessor":{"powerWords":["absolument","amazement","astonishing","authentique","beau","bien-\u00eatre","brillant","captivant","charismatique","choc","clair","compl\u00e8tement","confidentiel","confiance","cons\u00e9quent","cr\u00e9atif","d\u00e9finitivement","d\u00e9licieux","d\u00e9montrer","d\u00e9p\u00eachez-vous","d\u00e9termin\u00e9","digne","dynamique","\u00e9blouissant","\u00e9clatant","\u00e9conomique","\u00e9fficace","\u00e9l\u00e9gant","\u00e9motionnel","\u00e9nergique","\u00e9norme","\u00e9poustouflant","essentiel","\u00e9tonnant","exclusif","exp\u00e9rience","fabuleux","fantastique","formidable","fort","garanti","g\u00e9ant","g\u00e9n\u00e9reux","grandiose","gratuit","habile","harmonieux","historique","hors pair","important","incroyable","indispensable","inoubliable","inspirant","innovant","intense","invention","irr\u00e9sistible","l\u00e9gendaire","lumineux","luxe","magique","magnifique","majestueux","marquant","merveilleux","miraculeux","motivant","n\u00e9cessaire","nouvelle","officiel","parfait","passionn\u00e9","persuasif","ph\u00e9nom\u00e9nal","plaisir","populaire","pouvoir","prestigieux","prodigieux","profond","prosp\u00e8re","puissant","qualit\u00e9","radieux","rapide","r\u00e9ussi","r\u00e9volutionnaire","satisfait","s\u00e9curit\u00e9","sensationnel","serein","somptueux","splendide","sublime","surprenant","talentueux","terrifiant","unique","valeur","vibrant","victorieux","vif","vraiment","z\u00e9l\u00e9"],"diacritics":true,"researchesTests":["contentHasTOC","contentHasShortParagraphs","contentHasAssets","keywordInTitle","keywordInMetaDescription","keywordInPermalink","keywordIn10Percent","keywordInContent","keywordInSubheadings","keywordInImageAlt","keywordDensity","keywordNotUsed","lengthContent","lengthPermalink","linksHasInternal","linksHasExternals","linksNotAllExternals","titleStartWithKeyword","titleSentiment","titleHasPowerWords","titleHasNumber","hasContentAI"],"hasBreadcrumb":false,"serpData":{"title":"%sitename% %page% %sep% %sitedesc%","description":"","titleTemplate":"%sitename% %page% %sep% %sitedesc%","descriptionTemplate":"","focusKeywords":"","breadcrumbTitle":"Home","robots":{"index":true},"advancedRobots":[],"facebookTitle":"","facebookDescription":"","facebookImage":"","facebookImageID":""}}},"tocTitle":"Table of Contents","tocExcludeHeadings":[],"listStyle":"ul"},"_links":{"self":[{"href":"https:\/\/www.denim-vest.com\/fr\/wp-json\/wp\/v2\/pages\/7105","targetHints":{"allow":["GET"]}}],"collection":[{"href":"https:\/\/www.denim-vest.com\/fr\/wp-json\/wp\/v2\/pages"}],"about":[{"href":"https:\/\/www.denim-vest.com\/fr\/wp-json\/wp\/v2\/types\/page"}],"author":[{"embeddable":true,"href":"https:\/\/www.denim-vest.com\/fr\/wp-json\/wp\/v2\/users\/1"}],"replies":[{"embeddable":true,"href":"https:\/\/www.denim-vest.com\/fr\/wp-json\/wp\/v2\/comments?post=7105"}],"version-history":[{"count":46,"href":"https:\/\/www.denim-vest.com\/fr\/wp-json\/wp\/v2\/pages\/7105\/revisions"}],"predecessor-version":[{"id":7253,"href":"https:\/\/www.denim-vest.com\/fr\/wp-json\/wp\/v2\/pages\/7105\/revisions\/7253"}],"wp:attachment":[{"href":"https:\/\/www.denim-vest.com\/fr\/wp-json\/wp\/v2\/media?parent=7105"}],"curies":[{"name":"wp","href":"https:\/\/api.w.org\/{rel}","templated":true}]}}